{"id":352,"date":"2023-03-25T10:46:23","date_gmt":"2023-03-25T10:46:23","guid":{"rendered":"https:\/\/xn--lychen-alte-stadtfrsterei-gsc.de\/?page_id=352"},"modified":"2024-01-04T14:42:58","modified_gmt":"2024-01-04T14:42:58","slug":"start","status":"publish","type":"page","link":"https:\/\/xn--lychen-alte-stadtfrsterei-gsc.de\/","title":{"rendered":"Ferienwohnungen Alte Stadtf\u00f6rsterei in Lychen"},"content":{"rendered":"\n<div class=\"wp-block-cover aligncenter has-custom-content-position is-position-top-center\"><span aria-hidden=\"true\" class=\"wp-block-cover__background has-background-dim-10 has-background-dim\"><\/span><img loading=\"lazy\" decoding=\"async\" width=\"1000\" height=\"485\" class=\"wp-block-cover__image-background wp-image-619\" alt=\"\" src=\"https:\/\/xn--lychen-alte-stadtfrsterei-gsc.de\/wp-content\/uploads\/2023\/05\/DSC00869.jpg\" data-object-fit=\"cover\" srcset=\"https:\/\/xn--lychen-alte-stadtfrsterei-gsc.de\/wp-content\/uploads\/2023\/05\/DSC00869.jpg 1000w, https:\/\/xn--lychen-alte-stadtfrsterei-gsc.de\/wp-content\/uploads\/2023\/05\/DSC00869-300x146.jpg 300w, https:\/\/xn--lychen-alte-stadtfrsterei-gsc.de\/wp-content\/uploads\/2023\/05\/DSC00869-768x372.jpg 768w\" sizes=\"(max-width: 1000px) 100vw, 1000px\" \/><div class=\"wp-block-cover__inner-container is-layout-flow wp-block-cover-is-layout-flow\">\n<p class=\"has-text-align-center has-ast-global-color-8-color has-text-color has-large-font-size\">Ferienwohnungen Alte Stadtf\u00f6rsterei in Lychen<\/p>\n<\/div><\/div>\n\n\n\n<p><\/p>\n\n\n\n<div class=\"wp-block-columns is-layout-flex wp-container-core-columns-is-layout-1 wp-block-columns-is-layout-flex\">\n<div class=\"wp-block-column is-vertically-aligned-center is-layout-flow wp-block-column-is-layout-flow\">\n<figure class=\"wp-block-image aligncenter size-large\"><img loading=\"lazy\" decoding=\"async\" width=\"1024\" height=\"768\" src=\"https:\/\/xn--lychen-alte-stadtfrsterei-gsc.de\/wp-content\/uploads\/2023\/05\/threema-20200602-071016-31ec8fae50e146c2-1024x768.jpg\" alt=\"\" class=\"wp-image-645\" srcset=\"https:\/\/xn--lychen-alte-stadtfrsterei-gsc.de\/wp-content\/uploads\/2023\/05\/threema-20200602-071016-31ec8fae50e146c2-1024x768.jpg 1024w, https:\/\/xn--lychen-alte-stadtfrsterei-gsc.de\/wp-content\/uploads\/2023\/05\/threema-20200602-071016-31ec8fae50e146c2-300x225.jpg 300w, https:\/\/xn--lychen-alte-stadtfrsterei-gsc.de\/wp-content\/uploads\/2023\/05\/threema-20200602-071016-31ec8fae50e146c2-768x576.jpg 768w, https:\/\/xn--lychen-alte-stadtfrsterei-gsc.de\/wp-content\/uploads\/2023\/05\/threema-20200602-071016-31ec8fae50e146c2-1536x1152.jpg 1536w, https:\/\/xn--lychen-alte-stadtfrsterei-gsc.de\/wp-content\/uploads\/2023\/05\/threema-20200602-071016-31ec8fae50e146c2.jpg 1600w\" sizes=\"(max-width: 1024px) 100vw, 1024px\" \/><\/figure>\n<\/div>\n<\/div>\n\n\n\n<div class=\"wp-block-columns alignwide is-layout-flex wp-container-core-columns-is-layout-2 wp-block-columns-is-layout-flex\">\n<div class=\"wp-block-column is-layout-flow wp-block-column-is-layout-flow\"><\/div>\n\n\n\n<div class=\"wp-block-column has-text-color has-background has-link-color wp-elements-071151b68b4d8fe944198842c8e1ae1a is-layout-flow wp-block-column-is-layout-flow\" style=\"color:#000000;background-color:#fcf0003b;padding-top:2em;padding-right:2em;padding-bottom:2em;padding-left:2em;flex-basis:35%\">\n<h2 class=\"wp-block-heading\" id=\"single\" style=\"font-size:40px\">Haus<\/h2>\n\n\n\n<hr class=\"wp-block-separator has-text-color has-css-opacity has-background is-style-wide\" style=\"background-color:#000000;color:#000000\"\/>\n\n\n\n<p class=\"has-medium-font-size\">Das Haus wurde 1910 vom Stadtf\u00f6rster Georg Carsted f\u00fcr seine Familie mit vier Kindern erbaut.<\/p>\n\n\n\n<figure class=\"wp-block-image size-large\"><img loading=\"lazy\" decoding=\"async\" width=\"1024\" height=\"576\" src=\"https:\/\/xn--lychen-alte-stadtfrsterei-gsc.de\/wp-content\/uploads\/2023\/03\/start-1024x576.jpg\" alt=\"\" class=\"wp-image-365\" srcset=\"https:\/\/xn--lychen-alte-stadtfrsterei-gsc.de\/wp-content\/uploads\/2023\/03\/start-1024x576.jpg 1024w, https:\/\/xn--lychen-alte-stadtfrsterei-gsc.de\/wp-content\/uploads\/2023\/03\/start-300x169.jpg 300w, https:\/\/xn--lychen-alte-stadtfrsterei-gsc.de\/wp-content\/uploads\/2023\/03\/start-768x432.jpg 768w, https:\/\/xn--lychen-alte-stadtfrsterei-gsc.de\/wp-content\/uploads\/2023\/03\/start-1536x864.jpg 1536w, https:\/\/xn--lychen-alte-stadtfrsterei-gsc.de\/wp-content\/uploads\/2023\/03\/start.jpg 1820w\" sizes=\"(max-width: 1024px) 100vw, 1024px\" \/><\/figure>\n\n\n\n<div class=\"wp-block-buttons alignfull is-horizontal is-content-justification-center is-layout-flex wp-container-core-buttons-is-layout-1 wp-block-buttons-is-layout-flex\">\n<div class=\"wp-block-button has-custom-width wp-block-button__width-100\"><a class=\"wp-block-button__link has-white-color has-text-color has-background no-border-radius wp-element-button\" href=\"https:\/\/xn--lychen-alte-stadtfrsterei-gsc.de\/?page_id=346\" style=\"background-color:#000000\">Haus<\/a><\/div>\n<\/div>\n<\/div>\n\n\n\n<div class=\"wp-block-column has-pale-cyan-blue-background-color has-text-color has-background has-link-color wp-elements-9b22855b43c146a761f55907bbbc4d05 is-layout-flow wp-block-column-is-layout-flow\" style=\"color:#000000;padding-top:2em;padding-right:2em;padding-bottom:2em;padding-left:2em;flex-basis:35%\">\n<h2 class=\"wp-block-heading\" id=\"patron\" style=\"font-size:40px\">Garten<\/h2>\n\n\n\n<hr class=\"wp-block-separator has-text-color has-alpha-channel-opacity has-background is-style-wide\" style=\"background-color:#000000;color:#000000\"\/>\n\n\n\n<p class=\"has-medium-font-size\">Der Garten steht allen G\u00e4sten zur Verf\u00fcgung und l\u00e4dt zur Erholung ein.<\/p>\n\n\n\n<figure class=\"wp-block-image size-large\"><img loading=\"lazy\" decoding=\"async\" width=\"1024\" height=\"576\" src=\"https:\/\/xn--lychen-alte-stadtfrsterei-gsc.de\/wp-content\/uploads\/2023\/03\/20160818_152544-1024x576.jpg\" alt=\"\" class=\"wp-image-449\" srcset=\"https:\/\/xn--lychen-alte-stadtfrsterei-gsc.de\/wp-content\/uploads\/2023\/03\/20160818_152544-1024x576.jpg 1024w, https:\/\/xn--lychen-alte-stadtfrsterei-gsc.de\/wp-content\/uploads\/2023\/03\/20160818_152544-300x169.jpg 300w, https:\/\/xn--lychen-alte-stadtfrsterei-gsc.de\/wp-content\/uploads\/2023\/03\/20160818_152544-768x432.jpg 768w, https:\/\/xn--lychen-alte-stadtfrsterei-gsc.de\/wp-content\/uploads\/2023\/03\/20160818_152544-1536x864.jpg 1536w, https:\/\/xn--lychen-alte-stadtfrsterei-gsc.de\/wp-content\/uploads\/2023\/03\/20160818_152544.jpg 1820w\" sizes=\"(max-width: 1024px) 100vw, 1024px\" \/><\/figure>\n\n\n\n<div class=\"wp-block-buttons alignfull is-horizontal is-content-justification-center is-layout-flex wp-container-core-buttons-is-layout-2 wp-block-buttons-is-layout-flex\">\n<div class=\"wp-block-button has-custom-width wp-block-button__width-100\"><a class=\"wp-block-button__link has-white-color has-text-color has-background no-border-radius wp-element-button\" href=\"https:\/\/xn--lychen-alte-stadtfrsterei-gsc.de\/?page_id=396\" style=\"background-color:#000000\">Garten<\/a><\/div>\n<\/div>\n<\/div>\n\n\n\n<div class=\"wp-block-column is-layout-flow wp-block-column-is-layout-flow\"><\/div>\n<\/div>\n\n\n\n<div class=\"wp-block-columns alignwide is-layout-flex wp-container-core-columns-is-layout-3 wp-block-columns-is-layout-flex\">\n<div class=\"wp-block-column is-layout-flow wp-block-column-is-layout-flow\"><\/div>\n\n\n\n<div class=\"wp-block-column has-pale-cyan-blue-background-color has-text-color has-background has-link-color wp-elements-f15fc9bfb37066634026338bde1429f4 is-layout-flow wp-block-column-is-layout-flow\" style=\"color:#000000;padding-top:2em;padding-right:2em;padding-bottom:2em;padding-left:2em;flex-basis:35%\">\n<h2 class=\"wp-block-heading\" id=\"family\" style=\"font-size:40px\">Wohnung Bellevue<\/h2>\n\n\n\n<hr class=\"wp-block-separator has-text-color has-alpha-channel-opacity has-background is-style-wide\" style=\"background-color:#000000;color:#000000\"\/>\n\n\n\n<p>Diese Ferienwohnung liegt im oberen Stockwerk und bietet einen wunderbaren Blick \u00fcber Hohenlychen.<\/p>\n\n\n\n<figure class=\"wp-block-image size-large\"><img loading=\"lazy\" decoding=\"async\" width=\"1024\" height=\"663\" src=\"https:\/\/xn--lychen-alte-stadtfrsterei-gsc.de\/wp-content\/uploads\/2023\/03\/20160818_173205-1024x663.jpg\" alt=\"\" class=\"wp-image-453\" srcset=\"https:\/\/xn--lychen-alte-stadtfrsterei-gsc.de\/wp-content\/uploads\/2023\/03\/20160818_173205-1024x663.jpg 1024w, https:\/\/xn--lychen-alte-stadtfrsterei-gsc.de\/wp-content\/uploads\/2023\/03\/20160818_173205-300x194.jpg 300w, https:\/\/xn--lychen-alte-stadtfrsterei-gsc.de\/wp-content\/uploads\/2023\/03\/20160818_173205-768x497.jpg 768w, https:\/\/xn--lychen-alte-stadtfrsterei-gsc.de\/wp-content\/uploads\/2023\/03\/20160818_173205-1536x994.jpg 1536w, https:\/\/xn--lychen-alte-stadtfrsterei-gsc.de\/wp-content\/uploads\/2023\/03\/20160818_173205-2048x1325.jpg 2048w\" sizes=\"(max-width: 1024px) 100vw, 1024px\" \/><\/figure>\n\n\n\n<div class=\"wp-block-buttons alignfull is-horizontal is-content-justification-center is-layout-flex wp-container-core-buttons-is-layout-3 wp-block-buttons-is-layout-flex\">\n<div class=\"wp-block-button has-custom-width wp-block-button__width-100 is-style-fill\"><a class=\"wp-block-button__link has-white-color has-text-color has-background no-border-radius wp-element-button\" href=\"https:\/\/xn--lychen-alte-stadtfrsterei-gsc.de\/?page_id=336\" style=\"background-color:#000000\">Wohnung Bellevue<\/a><\/div>\n<\/div>\n<\/div>\n\n\n\n<div class=\"wp-block-column has-text-color has-background has-link-color wp-elements-634172207654663aa95835324bff58f4 is-layout-flow wp-block-column-is-layout-flow\" style=\"color:#000000;background-color:#fcf0003b;padding-top:2em;padding-right:2em;padding-bottom:2em;padding-left:2em;flex-basis:35%\">\n<h2 class=\"wp-block-heading\" id=\"patron\" style=\"font-size:40px\">Gartenwohnung<\/h2>\n\n\n\n<hr class=\"wp-block-separator has-text-color has-alpha-channel-opacity has-background is-style-wide\" style=\"background-color:#000000;color:#000000\"\/>\n\n\n\n<p>Die Gartenwohnung befindet sich im unteren Geschoss des Hauses mit Blick ins Gr\u00fcne und Bunte.<\/p>\n\n\n\n<figure class=\"wp-block-image size-large is-resized\"><img loading=\"lazy\" decoding=\"async\" width=\"914\" height=\"686\" src=\"https:\/\/xn--lychen-alte-stadtfrsterei-gsc.de\/wp-content\/uploads\/2023\/03\/P1040879-edited.jpg\" alt=\"\" class=\"wp-image-594\" style=\"width:606px;height:398px\" srcset=\"https:\/\/xn--lychen-alte-stadtfrsterei-gsc.de\/wp-content\/uploads\/2023\/03\/P1040879-edited.jpg 914w, https:\/\/xn--lychen-alte-stadtfrsterei-gsc.de\/wp-content\/uploads\/2023\/03\/P1040879-edited-300x225.jpg 300w, https:\/\/xn--lychen-alte-stadtfrsterei-gsc.de\/wp-content\/uploads\/2023\/03\/P1040879-edited-768x576.jpg 768w\" sizes=\"(max-width: 914px) 100vw, 914px\" \/><\/figure>\n\n\n\n<div class=\"wp-block-buttons alignfull is-horizontal is-content-justification-center is-layout-flex wp-container-core-buttons-is-layout-4 wp-block-buttons-is-layout-flex\">\n<div class=\"wp-block-button has-custom-width wp-block-button__width-100\"><a class=\"wp-block-button__link has-white-color has-text-color has-background no-border-radius wp-element-button\" href=\"https:\/\/xn--lychen-alte-stadtfrsterei-gsc.de\/?page_id=337\" style=\"background-color:#000000\">Gartenwohnung<\/a><\/div>\n<\/div>\n<\/div>\n\n\n\n<div class=\"wp-block-column is-layout-flow wp-block-column-is-layout-flow\"><\/div>\n<\/div>\n\n\n\n<p><\/p>\n\n\n\n<div class=\"wp-block-columns alignwide is-layout-flex wp-container-core-columns-is-layout-4 wp-block-columns-is-layout-flex\">\n<div class=\"wp-block-column is-layout-flow wp-block-column-is-layout-flow\"><\/div>\n\n\n\n<div class=\"wp-block-column has-text-color has-background has-link-color wp-elements-15649b1ab756f7762ba784da33875bb7 is-layout-flow wp-block-column-is-layout-flow\" style=\"color:#000000;background-color:#fcf0003b;padding-top:2em;padding-right:2em;padding-bottom:2em;padding-left:2em;flex-basis:35%\">\n<h2 class=\"wp-block-heading\" id=\"family\" style=\"font-size:40px\"><strong>Lychen<\/strong><\/h2>\n\n\n\n<hr class=\"wp-block-separator has-text-color has-alpha-channel-opacity has-background is-style-wide\" style=\"background-color:#000000;color:#000000\"\/>\n\n\n\n<p>Lychen, die kleine Perle der Uckermark, ist ein reizvolles, vertr\u00e4umtes St\u00e4dtchen, umgeben von sieben Seen und weiten W\u00e4ldern.<\/p>\n\n\n\n<p><\/p>\n\n\n\n<figure class=\"wp-block-image aligncenter size-large\"><img loading=\"lazy\" decoding=\"async\" width=\"1024\" height=\"730\" src=\"https:\/\/xn--lychen-alte-stadtfrsterei-gsc.de\/wp-content\/uploads\/2023\/03\/P1050025-1-1024x730.jpg\" alt=\"\" class=\"wp-image-457\" srcset=\"https:\/\/xn--lychen-alte-stadtfrsterei-gsc.de\/wp-content\/uploads\/2023\/03\/P1050025-1-1024x730.jpg 1024w, https:\/\/xn--lychen-alte-stadtfrsterei-gsc.de\/wp-content\/uploads\/2023\/03\/P1050025-1-300x214.jpg 300w, https:\/\/xn--lychen-alte-stadtfrsterei-gsc.de\/wp-content\/uploads\/2023\/03\/P1050025-1-768x548.jpg 768w, https:\/\/xn--lychen-alte-stadtfrsterei-gsc.de\/wp-content\/uploads\/2023\/03\/P1050025-1-1536x1096.jpg 1536w, https:\/\/xn--lychen-alte-stadtfrsterei-gsc.de\/wp-content\/uploads\/2023\/03\/P1050025-1-2048x1461.jpg 2048w\" sizes=\"(max-width: 1024px) 100vw, 1024px\" \/><\/figure>\n\n\n\n<div class=\"wp-block-buttons alignfull is-horizontal is-content-justification-center is-layout-flex wp-container-core-buttons-is-layout-5 wp-block-buttons-is-layout-flex\">\n<div class=\"wp-block-button has-custom-width wp-block-button__width-100 is-style-fill\"><a class=\"wp-block-button__link has-white-color has-text-color has-background no-border-radius wp-element-button\" href=\"https:\/\/xn--lychen-alte-stadtfrsterei-gsc.de\/?page_id=461\" style=\"background-color:#000000\">Lychen<\/a><\/div>\n<\/div>\n<\/div>\n\n\n\n<div class=\"wp-block-column has-pale-cyan-blue-background-color has-text-color has-background has-link-color wp-elements-3dc4ec2f0fa251bb92a148b25f5fa5f5 is-layout-flow wp-block-column-is-layout-flow\" style=\"color:#000000;padding-top:2em;padding-right:2em;padding-bottom:2em;padding-left:2em;flex-basis:35%\">\n<h2 class=\"wp-block-heading\" id=\"patron\" style=\"font-size:40px\">Uckermark<\/h2>\n\n\n\n<hr class=\"wp-block-separator has-text-color has-alpha-channel-opacity has-background is-style-wide\" style=\"background-color:#000000;color:#000000\"\/>\n\n\n\n<p>Die einmalige Naturregion Uckermark n\u00f6rdlich von Berlin l\u00e4dt die Menschen ein, sich zu erholen und ihren Alltag zu vergessen.<\/p>\n\n\n\n<figure class=\"wp-block-image size-large is-resized\"><img loading=\"lazy\" decoding=\"async\" width=\"1024\" height=\"730\" src=\"https:\/\/xn--lychen-alte-stadtfrsterei-gsc.de\/wp-content\/uploads\/2023\/03\/P1040967-1024x730.jpg\" alt=\"\" class=\"wp-image-458\" style=\"width:1024px;height:730px\" srcset=\"https:\/\/xn--lychen-alte-stadtfrsterei-gsc.de\/wp-content\/uploads\/2023\/03\/P1040967-1024x730.jpg 1024w, https:\/\/xn--lychen-alte-stadtfrsterei-gsc.de\/wp-content\/uploads\/2023\/03\/P1040967-300x214.jpg 300w, https:\/\/xn--lychen-alte-stadtfrsterei-gsc.de\/wp-content\/uploads\/2023\/03\/P1040967-768x548.jpg 768w, https:\/\/xn--lychen-alte-stadtfrsterei-gsc.de\/wp-content\/uploads\/2023\/03\/P1040967-1536x1096.jpg 1536w, https:\/\/xn--lychen-alte-stadtfrsterei-gsc.de\/wp-content\/uploads\/2023\/03\/P1040967-2048x1461.jpg 2048w\" sizes=\"(max-width: 1024px) 100vw, 1024px\" \/><\/figure>\n\n\n\n<div class=\"wp-block-buttons alignfull is-horizontal is-content-justification-center is-layout-flex wp-container-core-buttons-is-layout-6 wp-block-buttons-is-layout-flex\">\n<div class=\"wp-block-button has-custom-width wp-block-button__width-100\"><a class=\"wp-block-button__link has-white-color has-text-color has-background no-border-radius wp-element-button\" style=\"background-color:#000000\">Uckermark<\/a><\/div>\n<\/div>\n<\/div>\n\n\n\n<div class=\"wp-block-column is-layout-flow wp-block-column-is-layout-flow\"><\/div>\n<\/div>\n\n\n\n<p><\/p>\n","protected":false},"excerpt":{"rendered":"<p>Haus Das Haus wurde 1910 vom Stadtf\u00f6rster Georg Carsted f\u00fcr seine Familie mit vier Kindern erbaut. Garten Der Garten steht allen G\u00e4sten zur Verf\u00fcgung und l\u00e4dt zur Erholung ein. Wohnung Bellevue Diese Ferienwohnung liegt im oberen Stockwerk und bietet einen wunderbaren Blick \u00fcber Hohenlychen. Gartenwohnung Die Gartenwohnung befindet sich im unteren Geschoss des Hauses mit [&hellip;]<\/p>\n","protected":false},"author":1,"featured_media":0,"parent":0,"menu_order":0,"comment_status":"closed","ping_status":"closed","template":"","meta":{"site-sidebar-layout":"no-sidebar","site-content-layout":"page-builder","ast-site-content-layout":"full-width-container","site-content-style":"unboxed","site-sidebar-style":"unboxed","ast-global-header-display":"","ast-banner-title-visibility":"","ast-main-header-display":"","ast-hfb-above-header-display":"","ast-hfb-below-header-display":"","ast-hfb-mobile-header-display":"","site-post-title":"disabled","ast-breadcrumbs-content":"","ast-featured-img":"disabled","footer-sml-layout":"","ast-disable-related-posts":"","theme-transparent-header-meta":"","adv-header-id-meta":"","stick-header-meta":"","header-above-stick-meta":"","header-main-stick-meta":"","header-below-stick-meta":"","astra-migrate-meta-layouts":"set","ast-page-background-enabled":"default","ast-page-background-meta":{"desktop":{"background-color":"","background-image":"","background-repeat":"repeat","background-position":"center center","background-size":"auto","background-attachment":"scroll","background-type":"","background-media":"","overlay-type":"","overlay-color":"","overlay-opacity":"","overlay-gradient":""},"tablet":{"background-color":"","background-image":"","background-repeat":"repeat","background-position":"center center","background-size":"auto","background-attachment":"scroll","background-type":"","background-media":"","overlay-type":"","overlay-color":"","overlay-opacity":"","overlay-gradient":""},"mobile":{"background-color":"","background-image":"","background-repeat":"repeat","background-position":"center center","background-size":"auto","background-attachment":"scroll","background-type":"","background-media":"","overlay-type":"","overlay-color":"","overlay-opacity":"","overlay-gradient":""}},"ast-content-background-meta":{"desktop":{"background-color":"var(--ast-global-color-5)","background-image":"","background-repeat":"repeat","background-position":"center center","background-size":"auto","background-attachment":"scroll","background-type":"","background-media":"","overlay-type":"","overlay-color":"","overlay-opacity":"","overlay-gradient":""},"tablet":{"background-color":"var(--ast-global-color-5)","background-image":"","background-repeat":"repeat","background-position":"center center","background-size":"auto","background-attachment":"scroll","background-type":"","background-media":"","overlay-type":"","overlay-color":"","overlay-opacity":"","overlay-gradient":""},"mobile":{"background-color":"var(--ast-global-color-5)","background-image":"","background-repeat":"repeat","background-position":"center center","background-size":"auto","background-attachment":"scroll","background-type":"","background-media":"","overlay-type":"","overlay-color":"","overlay-opacity":"","overlay-gradient":""}},"footnotes":""},"class_list":["post-352","page","type-page","status-publish","hentry"],"yoast_head":"<!-- This site is optimized with the Yoast SEO plugin v24.5 - https:\/\/yoast.com\/wordpress\/plugins\/seo\/ -->\n<title>Ferienwohnungen Alte Stadtf\u00f6rsterei in Lychen - Ferienwohnungen Alte Stadtf\u00f6rsterei Lychen<\/title>\n<meta name=\"robots\" content=\"index, follow, max-snippet:-1, max-image-preview:large, max-video-preview:-1\" \/>\n<link rel=\"canonical\" href=\"https:\/\/xn--lychen-alte-stadtfrsterei-gsc.de\/\" \/>\n<meta property=\"og:locale\" content=\"de_DE\" \/>\n<meta property=\"og:type\" content=\"article\" \/>\n<meta property=\"og:title\" content=\"Ferienwohnungen Alte Stadtf\u00f6rsterei in Lychen - Ferienwohnungen Alte Stadtf\u00f6rsterei Lychen\" \/>\n<meta property=\"og:description\" content=\"Haus Das Haus wurde 1910 vom Stadtf\u00f6rster Georg Carsted f\u00fcr seine Familie mit vier Kindern erbaut. Garten Der Garten steht allen G\u00e4sten zur Verf\u00fcgung und l\u00e4dt zur Erholung ein. Wohnung Bellevue Diese Ferienwohnung liegt im oberen Stockwerk und bietet einen wunderbaren Blick \u00fcber Hohenlychen. Gartenwohnung Die Gartenwohnung befindet sich im unteren Geschoss des Hauses mit [&hellip;]\" \/>\n<meta property=\"og:url\" content=\"https:\/\/xn--lychen-alte-stadtfrsterei-gsc.de\/\" \/>\n<meta property=\"og:site_name\" content=\"Ferienwohnungen Alte Stadtf\u00f6rsterei Lychen\" \/>\n<meta property=\"article:modified_time\" content=\"2024-01-04T14:42:58+00:00\" \/>\n<meta property=\"og:image\" content=\"https:\/\/xn--lychen-alte-stadtfrsterei-gsc.de\/wp-content\/uploads\/2023\/05\/DSC00869.jpg\" \/>\n<meta name=\"twitter:card\" content=\"summary_large_image\" \/>\n<meta name=\"twitter:label1\" content=\"Gesch\u00e4tzte Lesezeit\" \/>\n\t<meta name=\"twitter:data1\" content=\"1 Minute\" \/>\n<script type=\"application\/ld+json\" class=\"yoast-schema-graph\">{\"@context\":\"https:\/\/schema.org\",\"@graph\":[{\"@type\":\"WebPage\",\"@id\":\"https:\/\/xn--lychen-alte-stadtfrsterei-gsc.de\/\",\"url\":\"https:\/\/xn--lychen-alte-stadtfrsterei-gsc.de\/\",\"name\":\"Ferienwohnungen Alte Stadtf\u00f6rsterei in Lychen - Ferienwohnungen Alte Stadtf\u00f6rsterei Lychen\",\"isPartOf\":{\"@id\":\"https:\/\/xn--lychen-alte-stadtfrsterei-gsc.de\/#website\"},\"primaryImageOfPage\":{\"@id\":\"https:\/\/xn--lychen-alte-stadtfrsterei-gsc.de\/#primaryimage\"},\"image\":{\"@id\":\"https:\/\/xn--lychen-alte-stadtfrsterei-gsc.de\/#primaryimage\"},\"thumbnailUrl\":\"https:\/\/xn--lychen-alte-stadtfrsterei-gsc.de\/wp-content\/uploads\/2023\/05\/DSC00869.jpg\",\"datePublished\":\"2023-03-25T10:46:23+00:00\",\"dateModified\":\"2024-01-04T14:42:58+00:00\",\"breadcrumb\":{\"@id\":\"https:\/\/xn--lychen-alte-stadtfrsterei-gsc.de\/#breadcrumb\"},\"inLanguage\":\"de-DE\",\"potentialAction\":[{\"@type\":\"ReadAction\",\"target\":[\"https:\/\/xn--lychen-alte-stadtfrsterei-gsc.de\/\"]}]},{\"@type\":\"ImageObject\",\"inLanguage\":\"de-DE\",\"@id\":\"https:\/\/xn--lychen-alte-stadtfrsterei-gsc.de\/#primaryimage\",\"url\":\"https:\/\/xn--lychen-alte-stadtfrsterei-gsc.de\/wp-content\/uploads\/2023\/05\/DSC00869.jpg\",\"contentUrl\":\"https:\/\/xn--lychen-alte-stadtfrsterei-gsc.de\/wp-content\/uploads\/2023\/05\/DSC00869.jpg\",\"width\":1000,\"height\":485},{\"@type\":\"BreadcrumbList\",\"@id\":\"https:\/\/xn--lychen-alte-stadtfrsterei-gsc.de\/#breadcrumb\",\"itemListElement\":[{\"@type\":\"ListItem\",\"position\":1,\"name\":\"Startseite\",\"item\":\"https:\/\/xn--lychen-alte-stadtfrsterei-gsc.de\/\"},{\"@type\":\"ListItem\",\"position\":2,\"name\":\"Ferienwohnungen Alte Stadtf\u00f6rsterei in Lychen\"}]},{\"@type\":\"WebSite\",\"@id\":\"https:\/\/xn--lychen-alte-stadtfrsterei-gsc.de\/#website\",\"url\":\"https:\/\/xn--lychen-alte-stadtfrsterei-gsc.de\/\",\"name\":\"Ferienwohnungen Alte Stadtf\u00f6rsterei Lychen\",\"description\":\"\",\"publisher\":{\"@id\":\"https:\/\/xn--lychen-alte-stadtfrsterei-gsc.de\/#organization\"},\"potentialAction\":[{\"@type\":\"SearchAction\",\"target\":{\"@type\":\"EntryPoint\",\"urlTemplate\":\"https:\/\/xn--lychen-alte-stadtfrsterei-gsc.de\/?s={search_term_string}\"},\"query-input\":{\"@type\":\"PropertyValueSpecification\",\"valueRequired\":true,\"valueName\":\"search_term_string\"}}],\"inLanguage\":\"de-DE\"},{\"@type\":\"Organization\",\"@id\":\"https:\/\/xn--lychen-alte-stadtfrsterei-gsc.de\/#organization\",\"name\":\"Ferienwohnungen Alte Stadtf\u00f6rsterei Lychen\",\"url\":\"https:\/\/xn--lychen-alte-stadtfrsterei-gsc.de\/\",\"logo\":{\"@type\":\"ImageObject\",\"inLanguage\":\"de-DE\",\"@id\":\"https:\/\/xn--lychen-alte-stadtfrsterei-gsc.de\/#\/schema\/logo\/image\/\",\"url\":\"https:\/\/xn--lychen-alte-stadtfrsterei-gsc.de\/wp-content\/uploads\/2023\/05\/DSC00869.jpg\",\"contentUrl\":\"https:\/\/xn--lychen-alte-stadtfrsterei-gsc.de\/wp-content\/uploads\/2023\/05\/DSC00869.jpg\",\"width\":1000,\"height\":485,\"caption\":\"Ferienwohnungen Alte Stadtf\u00f6rsterei Lychen\"},\"image\":{\"@id\":\"https:\/\/xn--lychen-alte-stadtfrsterei-gsc.de\/#\/schema\/logo\/image\/\"}}]}<\/script>\n<!-- \/ Yoast SEO plugin. -->","yoast_head_json":{"title":"Ferienwohnungen Alte Stadtf\u00f6rsterei in Lychen - Ferienwohnungen Alte Stadtf\u00f6rsterei Lychen","robots":{"index":"index","follow":"follow","max-snippet":"max-snippet:-1","max-image-preview":"max-image-preview:large","max-video-preview":"max-video-preview:-1"},"canonical":"https:\/\/xn--lychen-alte-stadtfrsterei-gsc.de\/","og_locale":"de_DE","og_type":"article","og_title":"Ferienwohnungen Alte Stadtf\u00f6rsterei in Lychen - Ferienwohnungen Alte Stadtf\u00f6rsterei Lychen","og_description":"Haus Das Haus wurde 1910 vom Stadtf\u00f6rster Georg Carsted f\u00fcr seine Familie mit vier Kindern erbaut. Garten Der Garten steht allen G\u00e4sten zur Verf\u00fcgung und l\u00e4dt zur Erholung ein. Wohnung Bellevue Diese Ferienwohnung liegt im oberen Stockwerk und bietet einen wunderbaren Blick \u00fcber Hohenlychen. Gartenwohnung Die Gartenwohnung befindet sich im unteren Geschoss des Hauses mit [&hellip;]","og_url":"https:\/\/xn--lychen-alte-stadtfrsterei-gsc.de\/","og_site_name":"Ferienwohnungen Alte Stadtf\u00f6rsterei Lychen","article_modified_time":"2024-01-04T14:42:58+00:00","og_image":[{"url":"https:\/\/xn--lychen-alte-stadtfrsterei-gsc.de\/wp-content\/uploads\/2023\/05\/DSC00869.jpg","type":"","width":"","height":""}],"twitter_card":"summary_large_image","twitter_misc":{"Gesch\u00e4tzte Lesezeit":"1 Minute"},"schema":{"@context":"https:\/\/schema.org","@graph":[{"@type":"WebPage","@id":"https:\/\/xn--lychen-alte-stadtfrsterei-gsc.de\/","url":"https:\/\/xn--lychen-alte-stadtfrsterei-gsc.de\/","name":"Ferienwohnungen Alte Stadtf\u00f6rsterei in Lychen - Ferienwohnungen Alte Stadtf\u00f6rsterei Lychen","isPartOf":{"@id":"https:\/\/xn--lychen-alte-stadtfrsterei-gsc.de\/#website"},"primaryImageOfPage":{"@id":"https:\/\/xn--lychen-alte-stadtfrsterei-gsc.de\/#primaryimage"},"image":{"@id":"https:\/\/xn--lychen-alte-stadtfrsterei-gsc.de\/#primaryimage"},"thumbnailUrl":"https:\/\/xn--lychen-alte-stadtfrsterei-gsc.de\/wp-content\/uploads\/2023\/05\/DSC00869.jpg","datePublished":"2023-03-25T10:46:23+00:00","dateModified":"2024-01-04T14:42:58+00:00","breadcrumb":{"@id":"https:\/\/xn--lychen-alte-stadtfrsterei-gsc.de\/#breadcrumb"},"inLanguage":"de-DE","potentialAction":[{"@type":"ReadAction","target":["https:\/\/xn--lychen-alte-stadtfrsterei-gsc.de\/"]}]},{"@type":"ImageObject","inLanguage":"de-DE","@id":"https:\/\/xn--lychen-alte-stadtfrsterei-gsc.de\/#primaryimage","url":"https:\/\/xn--lychen-alte-stadtfrsterei-gsc.de\/wp-content\/uploads\/2023\/05\/DSC00869.jpg","contentUrl":"https:\/\/xn--lychen-alte-stadtfrsterei-gsc.de\/wp-content\/uploads\/2023\/05\/DSC00869.jpg","width":1000,"height":485},{"@type":"BreadcrumbList","@id":"https:\/\/xn--lychen-alte-stadtfrsterei-gsc.de\/#breadcrumb","itemListElement":[{"@type":"ListItem","position":1,"name":"Startseite","item":"https:\/\/xn--lychen-alte-stadtfrsterei-gsc.de\/"},{"@type":"ListItem","position":2,"name":"Ferienwohnungen Alte Stadtf\u00f6rsterei in Lychen"}]},{"@type":"WebSite","@id":"https:\/\/xn--lychen-alte-stadtfrsterei-gsc.de\/#website","url":"https:\/\/xn--lychen-alte-stadtfrsterei-gsc.de\/","name":"Ferienwohnungen Alte Stadtf\u00f6rsterei Lychen","description":"","publisher":{"@id":"https:\/\/xn--lychen-alte-stadtfrsterei-gsc.de\/#organization"},"potentialAction":[{"@type":"SearchAction","target":{"@type":"EntryPoint","urlTemplate":"https:\/\/xn--lychen-alte-stadtfrsterei-gsc.de\/?s={search_term_string}"},"query-input":{"@type":"PropertyValueSpecification","valueRequired":true,"valueName":"search_term_string"}}],"inLanguage":"de-DE"},{"@type":"Organization","@id":"https:\/\/xn--lychen-alte-stadtfrsterei-gsc.de\/#organization","name":"Ferienwohnungen Alte Stadtf\u00f6rsterei Lychen","url":"https:\/\/xn--lychen-alte-stadtfrsterei-gsc.de\/","logo":{"@type":"ImageObject","inLanguage":"de-DE","@id":"https:\/\/xn--lychen-alte-stadtfrsterei-gsc.de\/#\/schema\/logo\/image\/","url":"https:\/\/xn--lychen-alte-stadtfrsterei-gsc.de\/wp-content\/uploads\/2023\/05\/DSC00869.jpg","contentUrl":"https:\/\/xn--lychen-alte-stadtfrsterei-gsc.de\/wp-content\/uploads\/2023\/05\/DSC00869.jpg","width":1000,"height":485,"caption":"Ferienwohnungen Alte Stadtf\u00f6rsterei Lychen"},"image":{"@id":"https:\/\/xn--lychen-alte-stadtfrsterei-gsc.de\/#\/schema\/logo\/image\/"}}]}},"_links":{"self":[{"href":"https:\/\/xn--lychen-alte-stadtfrsterei-gsc.de\/index.php?rest_route=\/wp\/v2\/pages\/352","targetHints":{"allow":["GET"]}}],"collection":[{"href":"https:\/\/xn--lychen-alte-stadtfrsterei-gsc.de\/index.php?rest_route=\/wp\/v2\/pages"}],"about":[{"href":"https:\/\/xn--lychen-alte-stadtfrsterei-gsc.de\/index.php?rest_route=\/wp\/v2\/types\/page"}],"author":[{"embeddable":true,"href":"https:\/\/xn--lychen-alte-stadtfrsterei-gsc.de\/index.php?rest_route=\/wp\/v2\/users\/1"}],"replies":[{"embeddable":true,"href":"https:\/\/xn--lychen-alte-stadtfrsterei-gsc.de\/index.php?rest_route=%2Fwp%2Fv2%2Fcomments&post=352"}],"version-history":[{"count":48,"href":"https:\/\/xn--lychen-alte-stadtfrsterei-gsc.de\/index.php?rest_route=\/wp\/v2\/pages\/352\/revisions"}],"predecessor-version":[{"id":733,"href":"https:\/\/xn--lychen-alte-stadtfrsterei-gsc.de\/index.php?rest_route=\/wp\/v2\/pages\/352\/revisions\/733"}],"wp:attachment":[{"href":"https:\/\/xn--lychen-alte-stadtfrsterei-gsc.de\/index.php?rest_route=%2Fwp%2Fv2%2Fmedia&parent=352"}],"curies":[{"name":"wp","href":"https:\/\/api.w.org\/{rel}","templated":true}]}}