{"id":337,"date":"2023-03-25T08:46:56","date_gmt":"2023-03-25T08:46:56","guid":{"rendered":"https:\/\/xn--lychen-alte-stadtfrsterei-gsc.de\/?page_id=337"},"modified":"2026-02-15T16:31:06","modified_gmt":"2026-02-15T16:31:06","slug":"wohnung2","status":"publish","type":"page","link":"https:\/\/xn--lychen-alte-stadtfrsterei-gsc.de\/?page_id=337","title":{"rendered":"Wohnung3"},"content":{"rendered":"\n<div class=\"wp-block-cover alignfull has-custom-content-position is-position-top-center\" style=\"min-height:206px;aspect-ratio:unset;aspect-ratio:unset;\"><img loading=\"lazy\" decoding=\"async\" width=\"1500\" height=\"529\" class=\"wp-block-cover__image-background wp-image-681\" alt=\"\" src=\"https:\/\/xn--lychen-alte-stadtfrsterei-gsc.de\/wp-content\/uploads\/2023\/06\/IMG_20230605_162633.jpg\" data-object-fit=\"cover\" srcset=\"https:\/\/xn--lychen-alte-stadtfrsterei-gsc.de\/wp-content\/uploads\/2023\/06\/IMG_20230605_162633.jpg 1500w, https:\/\/xn--lychen-alte-stadtfrsterei-gsc.de\/wp-content\/uploads\/2023\/06\/IMG_20230605_162633-300x106.jpg 300w, https:\/\/xn--lychen-alte-stadtfrsterei-gsc.de\/wp-content\/uploads\/2023\/06\/IMG_20230605_162633-1024x361.jpg 1024w, https:\/\/xn--lychen-alte-stadtfrsterei-gsc.de\/wp-content\/uploads\/2023\/06\/IMG_20230605_162633-768x271.jpg 768w\" sizes=\"(max-width: 1500px) 100vw, 1500px\" \/><span aria-hidden=\"true\" class=\"wp-block-cover__background has-background-dim-10 has-background-dim\"><\/span><div class=\"wp-block-cover__inner-container is-layout-flow wp-block-cover-is-layout-flow\">\n<p class=\"has-text-align-center has-white-color has-text-color has-large-font-size\">Gartenwohnung<\/p>\n<\/div><\/div>\n\n\n\n<p><\/p>\n\n\n\n<div class=\"wp-block-columns is-layout-flex wp-container-core-columns-is-layout-1 wp-block-columns-is-layout-flex\">\n<div class=\"wp-block-column is-layout-flow wp-block-column-is-layout-flow\">\n<p class=\"has-text-align-center has-x-large-font-size\">Als w\u00fcrde man im Garten leben<\/p>\n<\/div>\n<\/div>\n\n\n\n<div class=\"wp-block-columns alignwide is-layout-flex wp-container-core-columns-is-layout-2 wp-block-columns-is-layout-flex\" style=\"margin-bottom:0\">\n<div class=\"wp-block-column has-text-color has-background has-link-color wp-elements-82b6f23577e28efd1d8384253d184563 is-layout-flow wp-block-column-is-layout-flow\" style=\"color:#000000;background-color:#addcdc;padding-top:2em;padding-right:2em;padding-bottom:2em;padding-left:2em\">\n<p><strong>Wohnung<\/strong><\/p>\n\n\n\n<hr class=\"wp-block-separator has-text-color has-css-opacity has-background is-style-wide\" style=\"background-color:#000000;color:#000000\"\/>\n\n\n\n<p class=\"has-medium-font-size\">Die Gartenwohnung hat einen separaten Eingang und ist mit ca. 45 m\u00b2 unsere kleinste Ferienwohnung. Sie ist komplett<br>gefliest und hat zwei Zimmer mit K\u00fcche und Duschbad. Obwohl die Wohnung im Untergeschoss liegt, befinden sich die Fenster auf einer normalen H\u00f6he.<\/p>\n<\/div>\n\n\n\n<div class=\"wp-block-column has-text-color has-background has-link-color wp-elements-eb176d5fe568b09bd4fb3a75b442a6fe is-layout-flow wp-block-column-is-layout-flow\" style=\"color:#000000;background-color:#dfa1a6;padding-top:2em;padding-right:2em;padding-bottom:2em;padding-left:2em\">\n<figure class=\"wp-block-image size-large\"><img loading=\"lazy\" decoding=\"async\" width=\"1024\" height=\"629\" src=\"https:\/\/xn--lychen-alte-stadtfrsterei-gsc.de\/wp-content\/uploads\/2023\/06\/IMG_20230605_163013-1024x629.jpg\" alt=\"\" class=\"wp-image-679\" srcset=\"https:\/\/xn--lychen-alte-stadtfrsterei-gsc.de\/wp-content\/uploads\/2023\/06\/IMG_20230605_163013-1024x629.jpg 1024w, https:\/\/xn--lychen-alte-stadtfrsterei-gsc.de\/wp-content\/uploads\/2023\/06\/IMG_20230605_163013-300x184.jpg 300w, https:\/\/xn--lychen-alte-stadtfrsterei-gsc.de\/wp-content\/uploads\/2023\/06\/IMG_20230605_163013-768x472.jpg 768w, https:\/\/xn--lychen-alte-stadtfrsterei-gsc.de\/wp-content\/uploads\/2023\/06\/IMG_20230605_163013.jpg 1500w\" sizes=\"(max-width: 1024px) 100vw, 1024px\" \/><\/figure>\n<\/div>\n<\/div>\n\n\n\n<p><\/p>\n\n\n\n<div class=\"wp-block-columns alignwide is-layout-flex wp-container-core-columns-is-layout-3 wp-block-columns-is-layout-flex\" style=\"margin-bottom:0\">\n<div class=\"wp-block-column has-text-color has-background has-link-color wp-elements-40af6e6417ec32a4d7782b4f9bb79b25 is-layout-flow wp-block-column-is-layout-flow\" style=\"color:#000000;background-color:#dfa1a6;padding-top:2em;padding-right:2em;padding-bottom:2em;padding-left:2em\">\n<figure class=\"wp-block-image size-large\"><img loading=\"lazy\" decoding=\"async\" width=\"1024\" height=\"752\" src=\"https:\/\/xn--lychen-alte-stadtfrsterei-gsc.de\/wp-content\/uploads\/2023\/03\/P1040856-1024x752.jpg\" alt=\"\" class=\"wp-image-577\" srcset=\"https:\/\/xn--lychen-alte-stadtfrsterei-gsc.de\/wp-content\/uploads\/2023\/03\/P1040856-1024x752.jpg 1024w, https:\/\/xn--lychen-alte-stadtfrsterei-gsc.de\/wp-content\/uploads\/2023\/03\/P1040856-300x220.jpg 300w, https:\/\/xn--lychen-alte-stadtfrsterei-gsc.de\/wp-content\/uploads\/2023\/03\/P1040856-768x564.jpg 768w, https:\/\/xn--lychen-alte-stadtfrsterei-gsc.de\/wp-content\/uploads\/2023\/03\/P1040856-1536x1128.jpg 1536w, https:\/\/xn--lychen-alte-stadtfrsterei-gsc.de\/wp-content\/uploads\/2023\/03\/P1040856.jpg 1600w\" sizes=\"(max-width: 1024px) 100vw, 1024px\" \/><\/figure>\n<\/div>\n\n\n\n<div class=\"wp-block-column has-text-color has-background has-link-color wp-elements-47f5ad5152170394852cb8aadbc38f3f is-layout-flow wp-block-column-is-layout-flow\" style=\"color:#000000;background-color:#addcdc;padding-top:2em;padding-right:2em;padding-bottom:2em;padding-left:2em\">\n<p><strong>Wohnzimmer<\/strong><\/p>\n\n\n\n<hr class=\"wp-block-separator has-text-color has-css-opacity has-background is-style-wide\" style=\"background-color:#000000;color:#000000\"\/>\n\n\n\n<p class=\"has-medium-font-size\">Das Wohnzimmer ist ca. 12 m\u00b2 gro\u00df und mit einem Schlafsofa, einem modernen Fernseher mit Sat-TV und einer Vitrine ausgestattet.<\/p>\n<\/div>\n<\/div>\n\n\n\n<p><\/p>\n\n\n\n<div class=\"wp-block-columns alignwide is-layout-flex wp-container-core-columns-is-layout-4 wp-block-columns-is-layout-flex\" style=\"margin-bottom:0\">\n<div class=\"wp-block-column has-text-color has-background has-link-color wp-elements-8c89f4ad40faf9b81b912e5e8758ebd2 is-layout-flow wp-block-column-is-layout-flow\" style=\"color:#000000;background-color:#addcdc;padding-top:2em;padding-right:2em;padding-bottom:2em;padding-left:2em\">\n<p><strong>K\u00fcche<\/strong><\/p>\n\n\n\n<hr class=\"wp-block-separator has-text-color has-css-opacity has-background is-style-wide\" style=\"background-color:#000000;color:#000000\"\/>\n\n\n\n<p class=\"has-medium-font-size\">Die modern eingerichtete K\u00fcche ist 10 m\u00b2 gro\u00df. Der Esstisch l\u00e4sst sich ausziehen. An technischen Ger\u00e4ten bietet die K\u00fcche einen Herd mit Kochplatte und Bratr\u00f6hre, einen Wasserkocher, einen Toaster, eine Kaffeemaschine, einen Geschirrsp\u00fcler und einen K\u00fchlschrank.<\/p>\n<\/div>\n\n\n\n<div class=\"wp-block-column has-text-color has-background has-link-color wp-elements-2e88b10b9b55ee71dd9ef38126b77a8c is-layout-flow wp-block-column-is-layout-flow\" style=\"color:#000000;background-color:#dfa1a6;padding-top:2em;padding-right:2em;padding-bottom:2em;padding-left:2em\">\n<figure class=\"wp-block-image size-large\"><img loading=\"lazy\" decoding=\"async\" width=\"1024\" height=\"768\" src=\"https:\/\/xn--lychen-alte-stadtfrsterei-gsc.de\/wp-content\/uploads\/2023\/03\/P1040879-1024x768.jpg\" alt=\"\" class=\"wp-image-579\" srcset=\"https:\/\/xn--lychen-alte-stadtfrsterei-gsc.de\/wp-content\/uploads\/2023\/03\/P1040879-1024x768.jpg 1024w, https:\/\/xn--lychen-alte-stadtfrsterei-gsc.de\/wp-content\/uploads\/2023\/03\/P1040879-300x225.jpg 300w, https:\/\/xn--lychen-alte-stadtfrsterei-gsc.de\/wp-content\/uploads\/2023\/03\/P1040879-768x576.jpg 768w, https:\/\/xn--lychen-alte-stadtfrsterei-gsc.de\/wp-content\/uploads\/2023\/03\/P1040879-1536x1152.jpg 1536w, https:\/\/xn--lychen-alte-stadtfrsterei-gsc.de\/wp-content\/uploads\/2023\/03\/P1040879.jpg 1600w\" sizes=\"(max-width: 1024px) 100vw, 1024px\" \/><\/figure>\n<\/div>\n<\/div>\n\n\n\n<p><\/p>\n\n\n\n<div class=\"wp-block-columns alignwide is-layout-flex wp-container-core-columns-is-layout-5 wp-block-columns-is-layout-flex\" style=\"margin-bottom:0\">\n<div class=\"wp-block-column has-text-color has-background has-link-color wp-elements-6488537edebb0fd7980bd6ebc81f1da4 is-layout-flow wp-block-column-is-layout-flow\" style=\"color:#000000;background-color:#dfa1a6;padding-top:2em;padding-right:2em;padding-bottom:2em;padding-left:2em\">\n<figure class=\"wp-block-image size-large\"><img loading=\"lazy\" decoding=\"async\" width=\"1024\" height=\"768\" src=\"https:\/\/xn--lychen-alte-stadtfrsterei-gsc.de\/wp-content\/uploads\/2023\/03\/P10408872-1024x768.jpg\" alt=\"\" class=\"wp-image-576\" srcset=\"https:\/\/xn--lychen-alte-stadtfrsterei-gsc.de\/wp-content\/uploads\/2023\/03\/P10408872-1024x768.jpg 1024w, https:\/\/xn--lychen-alte-stadtfrsterei-gsc.de\/wp-content\/uploads\/2023\/03\/P10408872-300x225.jpg 300w, https:\/\/xn--lychen-alte-stadtfrsterei-gsc.de\/wp-content\/uploads\/2023\/03\/P10408872-768x576.jpg 768w, https:\/\/xn--lychen-alte-stadtfrsterei-gsc.de\/wp-content\/uploads\/2023\/03\/P10408872-1536x1152.jpg 1536w, https:\/\/xn--lychen-alte-stadtfrsterei-gsc.de\/wp-content\/uploads\/2023\/03\/P10408872.jpg 1600w\" sizes=\"(max-width: 1024px) 100vw, 1024px\" \/><\/figure>\n\n\n\n<figure class=\"wp-block-image size-large\"><img loading=\"lazy\" decoding=\"async\" width=\"768\" height=\"1024\" src=\"https:\/\/xn--lychen-alte-stadtfrsterei-gsc.de\/wp-content\/uploads\/2023\/03\/P1040885-768x1024.jpg\" alt=\"\" class=\"wp-image-581\" srcset=\"https:\/\/xn--lychen-alte-stadtfrsterei-gsc.de\/wp-content\/uploads\/2023\/03\/P1040885-768x1024.jpg 768w, https:\/\/xn--lychen-alte-stadtfrsterei-gsc.de\/wp-content\/uploads\/2023\/03\/P1040885-225x300.jpg 225w, https:\/\/xn--lychen-alte-stadtfrsterei-gsc.de\/wp-content\/uploads\/2023\/03\/P1040885-1152x1536.jpg 1152w, https:\/\/xn--lychen-alte-stadtfrsterei-gsc.de\/wp-content\/uploads\/2023\/03\/P1040885-1536x2048.jpg 1536w, https:\/\/xn--lychen-alte-stadtfrsterei-gsc.de\/wp-content\/uploads\/2023\/03\/P1040885.jpg 1600w\" sizes=\"(max-width: 768px) 100vw, 768px\" \/><\/figure>\n<\/div>\n\n\n\n<div class=\"wp-block-column has-text-color has-background has-link-color wp-elements-5af570ad99db4c96573228e1c4d71402 is-layout-flow wp-block-column-is-layout-flow\" style=\"color:#000000;background-color:#addcdc;padding-top:2em;padding-right:2em;padding-bottom:2em;padding-left:2em\">\n<p><strong>Schlafzimmer<\/strong><\/p>\n\n\n\n<hr class=\"wp-block-separator has-css-opacity is-style-wide\"\/>\n\n\n\n<p class=\"has-medium-font-size\">Im Schlafzimmer befinden sich zwei Betten (80&nbsp;x&nbsp;200&nbsp;cm) und ein<br>Kleiderschrank.<\/p>\n\n\n\n<hr class=\"wp-block-separator has-css-opacity is-style-wide\"\/>\n\n\n\n<p><strong>Bad<\/strong><\/p>\n\n\n\n<hr class=\"wp-block-separator has-css-opacity is-style-wide\"\/>\n\n\n\n<p class=\"has-medium-font-size\">Im Bad gibt es eine ger\u00e4umige Dusche. Badet\u00fccher, Handt\u00fccher und ein F\u00f6hn sind vorhanden.<\/p>\n\n\n\n<hr class=\"wp-block-separator has-css-opacity is-style-wide\"\/>\n\n\n\n<p><strong>Bemerkungen<\/strong><\/p>\n\n\n\n<hr class=\"wp-block-separator has-css-opacity is-style-wide\"\/>\n\n\n\n<p class=\"has-medium-font-size\">Im Preis enthalten sind alle Nebenkosten wie Endreinigung, Bettw\u00e4sche, Bade- und Handt\u00fccher f\u00fcrs Bad sowie Energie und Wasser.<\/p>\n\n\n\n<p class=\"has-medium-font-size\">Die Anreise in unsere Ferienwohnung kann ab 15 Uhr erfolgen. Am Abreisetag sollten Sie die Wohnung bitte bis 11 Uhr verlassen. <\/p>\n\n\n\n<p class=\"has-medium-font-size\">Leider k\u00f6nnen wir keine Tiere beherbergen. Auch das Rauchen ist nicht erw\u00fcnscht.<\/p>\n<\/div>\n<\/div>\n\n\n\n<p><\/p>\n\n\n\n<div class=\"wp-block-columns alignwide is-layout-flex wp-container-core-columns-is-layout-6 wp-block-columns-is-layout-flex\" style=\"margin-bottom:0\">\n<div class=\"wp-block-column has-text-color has-background has-link-color wp-elements-afe0178fba0047154a84f5403f3aeddb is-layout-flow wp-block-column-is-layout-flow\" style=\"color:#000000;background-color:#addcdc;padding-top:2em;padding-right:2em;padding-bottom:2em;padding-left:2em\">\n<h2 class=\"wp-block-heading\" id=\"single\">Preise<\/h2>\n\n\n\n<hr class=\"wp-block-separator has-text-color has-css-opacity has-background is-style-wide\" style=\"background-color:#000000;color:#000000\"\/>\n\n\n\n<figure class=\"wp-block-image size-large\"><img loading=\"lazy\" decoding=\"async\" width=\"1024\" height=\"300\" src=\"https:\/\/xn--lychen-alte-stadtfrsterei-gsc.de\/wp-content\/uploads\/2026\/02\/wg3Preise-1024x300.jpg\" alt=\"\" class=\"wp-image-768\" srcset=\"https:\/\/xn--lychen-alte-stadtfrsterei-gsc.de\/wp-content\/uploads\/2026\/02\/wg3Preise-1024x300.jpg 1024w, https:\/\/xn--lychen-alte-stadtfrsterei-gsc.de\/wp-content\/uploads\/2026\/02\/wg3Preise-300x88.jpg 300w, https:\/\/xn--lychen-alte-stadtfrsterei-gsc.de\/wp-content\/uploads\/2026\/02\/wg3Preise-768x225.jpg 768w, https:\/\/xn--lychen-alte-stadtfrsterei-gsc.de\/wp-content\/uploads\/2026\/02\/wg3Preise-1536x450.jpg 1536w, https:\/\/xn--lychen-alte-stadtfrsterei-gsc.de\/wp-content\/uploads\/2026\/02\/wg3Preise-2048x600.jpg 2048w\" sizes=\"(max-width: 1024px) 100vw, 1024px\" \/><\/figure>\n\n\n\n<hr class=\"wp-block-separator has-text-color has-css-opacity has-background is-style-wide\" style=\"background-color:#000000;color:#000000\"\/>\n\n\n\n<p><\/p>\n\n\n\n<p><strong>Kurtaxe<\/strong><\/p>\n\n\n\n<p class=\"has-medium-font-size\">Wir sind von der Stadt Lychen angehalten worden, von unseren G\u00e4sten Kurtaxe zu erheben.<\/p>\n\n\n\n<hr class=\"wp-block-separator has-text-color has-css-opacity has-background is-style-wide\" style=\"background-color:#000000;color:#000000\"\/>\n\n\n\n<figure class=\"wp-block-image size-large\"><img loading=\"lazy\" decoding=\"async\" width=\"1024\" height=\"268\" src=\"https:\/\/xn--lychen-alte-stadtfrsterei-gsc.de\/wp-content\/uploads\/2026\/02\/KurPreise-1024x268.jpg\" alt=\"\" class=\"wp-image-766\" srcset=\"https:\/\/xn--lychen-alte-stadtfrsterei-gsc.de\/wp-content\/uploads\/2026\/02\/KurPreise-1024x268.jpg 1024w, https:\/\/xn--lychen-alte-stadtfrsterei-gsc.de\/wp-content\/uploads\/2026\/02\/KurPreise-300x79.jpg 300w, https:\/\/xn--lychen-alte-stadtfrsterei-gsc.de\/wp-content\/uploads\/2026\/02\/KurPreise-768x201.jpg 768w, https:\/\/xn--lychen-alte-stadtfrsterei-gsc.de\/wp-content\/uploads\/2026\/02\/KurPreise-1536x402.jpg 1536w, https:\/\/xn--lychen-alte-stadtfrsterei-gsc.de\/wp-content\/uploads\/2026\/02\/KurPreise-2048x537.jpg 2048w\" sizes=\"(max-width: 1024px) 100vw, 1024px\" \/><\/figure>\n<\/div>\n\n\n\n<div class=\"wp-block-column has-text-color has-background has-link-color wp-elements-1e3c1903fcf1a3a12fbdd7c4d2f0ccfb is-layout-flow wp-block-column-is-layout-flow\" style=\"color:#000000;background-color:#dfa1a6;padding-top:2em;padding-right:2em;padding-bottom:2em;padding-left:2em\">\n<h2 class=\"wp-block-heading\" id=\"family\">Kalender<\/h2>\n\n\n\n<p class=\"has-normal-font-size\" style=\"line-height:1.5\">Unser Belegungsplan<\/p>\n\n\n\n<hr class=\"wp-block-separator has-css-opacity is-style-wide\"\/>\n\n\n\n<iframe loading=\"lazy\" src=\"https:\/\/calendar.google.com\/calendar\/embed?height=300&#038;wkst=2&#038;bgcolor=%23ffffff&#038;ctz=Europe%2FBerlin&#038;showNav=1&#038;showTitle=0&#038;showPrint=0&#038;showCalendars=0&#038;showTz=0&#038;showTabs=1&#038;src=bWp2bG81bjhtbWJjcXU0cm9hNGhnMW1yZzBAZ3JvdXAuY2FsZW5kYXIuZ29vZ2xlLmNvbQ&#038;color=%23F4511E\" style=\"border-width:0\" width=\"400\" height=\"300\" frameborder=\"0\" scrolling=\"no\"><\/iframe>\n<\/div>\n<\/div>\n","protected":false},"excerpt":{"rendered":"<p>Als w\u00fcrde man im Garten leben Wohnung Die Gartenwohnung hat einen separaten Eingang und ist mit ca. 45 m\u00b2 unsere kleinste Ferienwohnung. Sie ist komplettgefliest und hat zwei Zimmer mit K\u00fcche und Duschbad. Obwohl die Wohnung im Untergeschoss liegt, befinden sich die Fenster auf einer normalen H\u00f6he. Wohnzimmer Das Wohnzimmer ist ca. 12 m\u00b2 gro\u00df [&hellip;]<\/p>\n","protected":false},"author":1,"featured_media":0,"parent":0,"menu_order":0,"comment_status":"closed","ping_status":"closed","template":"","meta":{"site-sidebar-layout":"default","site-content-layout":"","ast-site-content-layout":"default","site-content-style":"default","site-sidebar-style":"default","ast-global-header-display":"","ast-banner-title-visibility":"","ast-main-header-display":"","ast-hfb-above-header-display":"","ast-hfb-below-header-display":"","ast-hfb-mobile-header-display":"","site-post-title":"disabled","ast-breadcrumbs-content":"","ast-featured-img":"","footer-sml-layout":"","ast-disable-related-posts":"","theme-transparent-header-meta":"","adv-header-id-meta":"","stick-header-meta":"","header-above-stick-meta":"","header-main-stick-meta":"","header-below-stick-meta":"","astra-migrate-meta-layouts":"set","ast-page-background-enabled":"default","ast-page-background-meta":{"desktop":{"background-color":"","background-image":"","background-repeat":"repeat","background-position":"center center","background-size":"auto","background-attachment":"scroll","background-type":"","background-media":"","overlay-type":"","overlay-color":"","overlay-opacity":"","overlay-gradient":""},"tablet":{"background-color":"","background-image":"","background-repeat":"repeat","background-position":"center center","background-size":"auto","background-attachment":"scroll","background-type":"","background-media":"","overlay-type":"","overlay-color":"","overlay-opacity":"","overlay-gradient":""},"mobile":{"background-color":"","background-image":"","background-repeat":"repeat","background-position":"center center","background-size":"auto","background-attachment":"scroll","background-type":"","background-media":"","overlay-type":"","overlay-color":"","overlay-opacity":"","overlay-gradient":""}},"ast-content-background-meta":{"desktop":{"background-color":"var(--ast-global-color-5)","background-image":"","background-repeat":"repeat","background-position":"center center","background-size":"auto","background-attachment":"scroll","background-type":"","background-media":"","overlay-type":"","overlay-color":"","overlay-opacity":"","overlay-gradient":""},"tablet":{"background-color":"var(--ast-global-color-5)","background-image":"","background-repeat":"repeat","background-position":"center center","background-size":"auto","background-attachment":"scroll","background-type":"","background-media":"","overlay-type":"","overlay-color":"","overlay-opacity":"","overlay-gradient":""},"mobile":{"background-color":"var(--ast-global-color-5)","background-image":"","background-repeat":"repeat","background-position":"center center","background-size":"auto","background-attachment":"scroll","background-type":"","background-media":"","overlay-type":"","overlay-color":"","overlay-opacity":"","overlay-gradient":""}},"footnotes":""},"class_list":["post-337","page","type-page","status-publish","hentry"],"yoast_head":"<!-- This site is optimized with the Yoast SEO plugin v24.5 - https:\/\/yoast.com\/wordpress\/plugins\/seo\/ -->\n<title>Wohnung3 - Ferienwohnungen Alte Stadtf\u00f6rsterei Lychen<\/title>\n<meta name=\"robots\" content=\"index, follow, max-snippet:-1, max-image-preview:large, max-video-preview:-1\" \/>\n<link rel=\"canonical\" href=\"https:\/\/xn--lychen-alte-stadtfrsterei-gsc.de\/?page_id=337\" \/>\n<meta property=\"og:locale\" content=\"de_DE\" \/>\n<meta property=\"og:type\" content=\"article\" \/>\n<meta property=\"og:title\" content=\"Wohnung3 - Ferienwohnungen Alte Stadtf\u00f6rsterei Lychen\" \/>\n<meta property=\"og:description\" content=\"Als w\u00fcrde man im Garten leben Wohnung Die Gartenwohnung hat einen separaten Eingang und ist mit ca. 45 m\u00b2 unsere kleinste Ferienwohnung. Sie ist komplettgefliest und hat zwei Zimmer mit K\u00fcche und Duschbad. Obwohl die Wohnung im Untergeschoss liegt, befinden sich die Fenster auf einer normalen H\u00f6he. Wohnzimmer Das Wohnzimmer ist ca. 12 m\u00b2 gro\u00df [&hellip;]\" \/>\n<meta property=\"og:url\" content=\"https:\/\/xn--lychen-alte-stadtfrsterei-gsc.de\/?page_id=337\" \/>\n<meta property=\"og:site_name\" content=\"Ferienwohnungen Alte Stadtf\u00f6rsterei Lychen\" \/>\n<meta property=\"article:modified_time\" content=\"2026-02-15T16:31:06+00:00\" \/>\n<meta property=\"og:image\" content=\"https:\/\/xn--lychen-alte-stadtfrsterei-gsc.de\/wp-content\/uploads\/2023\/06\/IMG_20230605_162633.jpg\" \/>\n\t<meta property=\"og:image:width\" content=\"1500\" \/>\n\t<meta property=\"og:image:height\" content=\"529\" \/>\n\t<meta property=\"og:image:type\" content=\"image\/jpeg\" \/>\n<meta name=\"twitter:card\" content=\"summary_large_image\" \/>\n<meta name=\"twitter:label1\" content=\"Gesch\u00e4tzte Lesezeit\" \/>\n\t<meta name=\"twitter:data1\" content=\"3 Minuten\" \/>\n<script type=\"application\/ld+json\" class=\"yoast-schema-graph\">{\"@context\":\"https:\/\/schema.org\",\"@graph\":[{\"@type\":\"WebPage\",\"@id\":\"https:\/\/xn--lychen-alte-stadtfrsterei-gsc.de\/?page_id=337\",\"url\":\"https:\/\/xn--lychen-alte-stadtfrsterei-gsc.de\/?page_id=337\",\"name\":\"Wohnung3 - Ferienwohnungen Alte Stadtf\u00f6rsterei Lychen\",\"isPartOf\":{\"@id\":\"https:\/\/xn--lychen-alte-stadtfrsterei-gsc.de\/#website\"},\"primaryImageOfPage\":{\"@id\":\"https:\/\/xn--lychen-alte-stadtfrsterei-gsc.de\/?page_id=337#primaryimage\"},\"image\":{\"@id\":\"https:\/\/xn--lychen-alte-stadtfrsterei-gsc.de\/?page_id=337#primaryimage\"},\"thumbnailUrl\":\"https:\/\/xn--lychen-alte-stadtfrsterei-gsc.de\/wp-content\/uploads\/2023\/06\/IMG_20230605_162633.jpg\",\"datePublished\":\"2023-03-25T08:46:56+00:00\",\"dateModified\":\"2026-02-15T16:31:06+00:00\",\"breadcrumb\":{\"@id\":\"https:\/\/xn--lychen-alte-stadtfrsterei-gsc.de\/?page_id=337#breadcrumb\"},\"inLanguage\":\"de-DE\",\"potentialAction\":[{\"@type\":\"ReadAction\",\"target\":[\"https:\/\/xn--lychen-alte-stadtfrsterei-gsc.de\/?page_id=337\"]}]},{\"@type\":\"ImageObject\",\"inLanguage\":\"de-DE\",\"@id\":\"https:\/\/xn--lychen-alte-stadtfrsterei-gsc.de\/?page_id=337#primaryimage\",\"url\":\"https:\/\/xn--lychen-alte-stadtfrsterei-gsc.de\/wp-content\/uploads\/2023\/06\/IMG_20230605_162633.jpg\",\"contentUrl\":\"https:\/\/xn--lychen-alte-stadtfrsterei-gsc.de\/wp-content\/uploads\/2023\/06\/IMG_20230605_162633.jpg\",\"width\":1500,\"height\":529},{\"@type\":\"BreadcrumbList\",\"@id\":\"https:\/\/xn--lychen-alte-stadtfrsterei-gsc.de\/?page_id=337#breadcrumb\",\"itemListElement\":[{\"@type\":\"ListItem\",\"position\":1,\"name\":\"Startseite\",\"item\":\"https:\/\/xn--lychen-alte-stadtfrsterei-gsc.de\/\"},{\"@type\":\"ListItem\",\"position\":2,\"name\":\"Wohnung3\"}]},{\"@type\":\"WebSite\",\"@id\":\"https:\/\/xn--lychen-alte-stadtfrsterei-gsc.de\/#website\",\"url\":\"https:\/\/xn--lychen-alte-stadtfrsterei-gsc.de\/\",\"name\":\"Ferienwohnungen Alte Stadtf\u00f6rsterei Lychen\",\"description\":\"\",\"publisher\":{\"@id\":\"https:\/\/xn--lychen-alte-stadtfrsterei-gsc.de\/#organization\"},\"potentialAction\":[{\"@type\":\"SearchAction\",\"target\":{\"@type\":\"EntryPoint\",\"urlTemplate\":\"https:\/\/xn--lychen-alte-stadtfrsterei-gsc.de\/?s={search_term_string}\"},\"query-input\":{\"@type\":\"PropertyValueSpecification\",\"valueRequired\":true,\"valueName\":\"search_term_string\"}}],\"inLanguage\":\"de-DE\"},{\"@type\":\"Organization\",\"@id\":\"https:\/\/xn--lychen-alte-stadtfrsterei-gsc.de\/#organization\",\"name\":\"Ferienwohnungen Alte Stadtf\u00f6rsterei Lychen\",\"url\":\"https:\/\/xn--lychen-alte-stadtfrsterei-gsc.de\/\",\"logo\":{\"@type\":\"ImageObject\",\"inLanguage\":\"de-DE\",\"@id\":\"https:\/\/xn--lychen-alte-stadtfrsterei-gsc.de\/#\/schema\/logo\/image\/\",\"url\":\"https:\/\/xn--lychen-alte-stadtfrsterei-gsc.de\/wp-content\/uploads\/2023\/05\/DSC00869.jpg\",\"contentUrl\":\"https:\/\/xn--lychen-alte-stadtfrsterei-gsc.de\/wp-content\/uploads\/2023\/05\/DSC00869.jpg\",\"width\":1000,\"height\":485,\"caption\":\"Ferienwohnungen Alte Stadtf\u00f6rsterei Lychen\"},\"image\":{\"@id\":\"https:\/\/xn--lychen-alte-stadtfrsterei-gsc.de\/#\/schema\/logo\/image\/\"}}]}<\/script>\n<!-- \/ Yoast SEO plugin. -->","yoast_head_json":{"title":"Wohnung3 - Ferienwohnungen Alte Stadtf\u00f6rsterei Lychen","robots":{"index":"index","follow":"follow","max-snippet":"max-snippet:-1","max-image-preview":"max-image-preview:large","max-video-preview":"max-video-preview:-1"},"canonical":"https:\/\/xn--lychen-alte-stadtfrsterei-gsc.de\/?page_id=337","og_locale":"de_DE","og_type":"article","og_title":"Wohnung3 - Ferienwohnungen Alte Stadtf\u00f6rsterei Lychen","og_description":"Als w\u00fcrde man im Garten leben Wohnung Die Gartenwohnung hat einen separaten Eingang und ist mit ca. 45 m\u00b2 unsere kleinste Ferienwohnung. Sie ist komplettgefliest und hat zwei Zimmer mit K\u00fcche und Duschbad. Obwohl die Wohnung im Untergeschoss liegt, befinden sich die Fenster auf einer normalen H\u00f6he. Wohnzimmer Das Wohnzimmer ist ca. 12 m\u00b2 gro\u00df [&hellip;]","og_url":"https:\/\/xn--lychen-alte-stadtfrsterei-gsc.de\/?page_id=337","og_site_name":"Ferienwohnungen Alte Stadtf\u00f6rsterei Lychen","article_modified_time":"2026-02-15T16:31:06+00:00","og_image":[{"width":1500,"height":529,"url":"https:\/\/xn--lychen-alte-stadtfrsterei-gsc.de\/wp-content\/uploads\/2023\/06\/IMG_20230605_162633.jpg","type":"image\/jpeg"}],"twitter_card":"summary_large_image","twitter_misc":{"Gesch\u00e4tzte Lesezeit":"3 Minuten"},"schema":{"@context":"https:\/\/schema.org","@graph":[{"@type":"WebPage","@id":"https:\/\/xn--lychen-alte-stadtfrsterei-gsc.de\/?page_id=337","url":"https:\/\/xn--lychen-alte-stadtfrsterei-gsc.de\/?page_id=337","name":"Wohnung3 - Ferienwohnungen Alte Stadtf\u00f6rsterei Lychen","isPartOf":{"@id":"https:\/\/xn--lychen-alte-stadtfrsterei-gsc.de\/#website"},"primaryImageOfPage":{"@id":"https:\/\/xn--lychen-alte-stadtfrsterei-gsc.de\/?page_id=337#primaryimage"},"image":{"@id":"https:\/\/xn--lychen-alte-stadtfrsterei-gsc.de\/?page_id=337#primaryimage"},"thumbnailUrl":"https:\/\/xn--lychen-alte-stadtfrsterei-gsc.de\/wp-content\/uploads\/2023\/06\/IMG_20230605_162633.jpg","datePublished":"2023-03-25T08:46:56+00:00","dateModified":"2026-02-15T16:31:06+00:00","breadcrumb":{"@id":"https:\/\/xn--lychen-alte-stadtfrsterei-gsc.de\/?page_id=337#breadcrumb"},"inLanguage":"de-DE","potentialAction":[{"@type":"ReadAction","target":["https:\/\/xn--lychen-alte-stadtfrsterei-gsc.de\/?page_id=337"]}]},{"@type":"ImageObject","inLanguage":"de-DE","@id":"https:\/\/xn--lychen-alte-stadtfrsterei-gsc.de\/?page_id=337#primaryimage","url":"https:\/\/xn--lychen-alte-stadtfrsterei-gsc.de\/wp-content\/uploads\/2023\/06\/IMG_20230605_162633.jpg","contentUrl":"https:\/\/xn--lychen-alte-stadtfrsterei-gsc.de\/wp-content\/uploads\/2023\/06\/IMG_20230605_162633.jpg","width":1500,"height":529},{"@type":"BreadcrumbList","@id":"https:\/\/xn--lychen-alte-stadtfrsterei-gsc.de\/?page_id=337#breadcrumb","itemListElement":[{"@type":"ListItem","position":1,"name":"Startseite","item":"https:\/\/xn--lychen-alte-stadtfrsterei-gsc.de\/"},{"@type":"ListItem","position":2,"name":"Wohnung3"}]},{"@type":"WebSite","@id":"https:\/\/xn--lychen-alte-stadtfrsterei-gsc.de\/#website","url":"https:\/\/xn--lychen-alte-stadtfrsterei-gsc.de\/","name":"Ferienwohnungen Alte Stadtf\u00f6rsterei Lychen","description":"","publisher":{"@id":"https:\/\/xn--lychen-alte-stadtfrsterei-gsc.de\/#organization"},"potentialAction":[{"@type":"SearchAction","target":{"@type":"EntryPoint","urlTemplate":"https:\/\/xn--lychen-alte-stadtfrsterei-gsc.de\/?s={search_term_string}"},"query-input":{"@type":"PropertyValueSpecification","valueRequired":true,"valueName":"search_term_string"}}],"inLanguage":"de-DE"},{"@type":"Organization","@id":"https:\/\/xn--lychen-alte-stadtfrsterei-gsc.de\/#organization","name":"Ferienwohnungen Alte Stadtf\u00f6rsterei Lychen","url":"https:\/\/xn--lychen-alte-stadtfrsterei-gsc.de\/","logo":{"@type":"ImageObject","inLanguage":"de-DE","@id":"https:\/\/xn--lychen-alte-stadtfrsterei-gsc.de\/#\/schema\/logo\/image\/","url":"https:\/\/xn--lychen-alte-stadtfrsterei-gsc.de\/wp-content\/uploads\/2023\/05\/DSC00869.jpg","contentUrl":"https:\/\/xn--lychen-alte-stadtfrsterei-gsc.de\/wp-content\/uploads\/2023\/05\/DSC00869.jpg","width":1000,"height":485,"caption":"Ferienwohnungen Alte Stadtf\u00f6rsterei Lychen"},"image":{"@id":"https:\/\/xn--lychen-alte-stadtfrsterei-gsc.de\/#\/schema\/logo\/image\/"}}]}},"_links":{"self":[{"href":"https:\/\/xn--lychen-alte-stadtfrsterei-gsc.de\/index.php?rest_route=\/wp\/v2\/pages\/337","targetHints":{"allow":["GET"]}}],"collection":[{"href":"https:\/\/xn--lychen-alte-stadtfrsterei-gsc.de\/index.php?rest_route=\/wp\/v2\/pages"}],"about":[{"href":"https:\/\/xn--lychen-alte-stadtfrsterei-gsc.de\/index.php?rest_route=\/wp\/v2\/types\/page"}],"author":[{"embeddable":true,"href":"https:\/\/xn--lychen-alte-stadtfrsterei-gsc.de\/index.php?rest_route=\/wp\/v2\/users\/1"}],"replies":[{"embeddable":true,"href":"https:\/\/xn--lychen-alte-stadtfrsterei-gsc.de\/index.php?rest_route=%2Fwp%2Fv2%2Fcomments&post=337"}],"version-history":[{"count":15,"href":"https:\/\/xn--lychen-alte-stadtfrsterei-gsc.de\/index.php?rest_route=\/wp\/v2\/pages\/337\/revisions"}],"predecessor-version":[{"id":771,"href":"https:\/\/xn--lychen-alte-stadtfrsterei-gsc.de\/index.php?rest_route=\/wp\/v2\/pages\/337\/revisions\/771"}],"wp:attachment":[{"href":"https:\/\/xn--lychen-alte-stadtfrsterei-gsc.de\/index.php?rest_route=%2Fwp%2Fv2%2Fmedia&parent=337"}],"curies":[{"name":"wp","href":"https:\/\/api.w.org\/{rel}","templated":true}]}}