{"id":336,"date":"2023-03-25T08:46:56","date_gmt":"2023-03-25T08:46:56","guid":{"rendered":"https:\/\/xn--lychen-alte-stadtfrsterei-gsc.de\/?page_id=336"},"modified":"2026-02-15T16:30:03","modified_gmt":"2026-02-15T16:30:03","slug":"wohnung1","status":"publish","type":"page","link":"https:\/\/xn--lychen-alte-stadtfrsterei-gsc.de\/?page_id=336","title":{"rendered":"Wohnung1"},"content":{"rendered":"\n<div class=\"wp-block-cover alignfull has-custom-content-position is-position-top-center\" style=\"min-height:274px;aspect-ratio:unset;aspect-ratio:unset;\"><img loading=\"lazy\" decoding=\"async\" width=\"2560\" height=\"589\" class=\"wp-block-cover__image-background wp-image-652\" alt=\"\" src=\"https:\/\/xn--lychen-alte-stadtfrsterei-gsc.de\/wp-content\/uploads\/2023\/05\/kopf_bellevue-scaled.jpg\" style=\"object-position:50% 40%\" data-object-fit=\"cover\" data-object-position=\"50% 40%\" srcset=\"https:\/\/xn--lychen-alte-stadtfrsterei-gsc.de\/wp-content\/uploads\/2023\/05\/kopf_bellevue-scaled.jpg 2560w, https:\/\/xn--lychen-alte-stadtfrsterei-gsc.de\/wp-content\/uploads\/2023\/05\/kopf_bellevue-300x69.jpg 300w, https:\/\/xn--lychen-alte-stadtfrsterei-gsc.de\/wp-content\/uploads\/2023\/05\/kopf_bellevue-1024x235.jpg 1024w, https:\/\/xn--lychen-alte-stadtfrsterei-gsc.de\/wp-content\/uploads\/2023\/05\/kopf_bellevue-768x177.jpg 768w, https:\/\/xn--lychen-alte-stadtfrsterei-gsc.de\/wp-content\/uploads\/2023\/05\/kopf_bellevue-1536x353.jpg 1536w, https:\/\/xn--lychen-alte-stadtfrsterei-gsc.de\/wp-content\/uploads\/2023\/05\/kopf_bellevue-2048x471.jpg 2048w\" sizes=\"(max-width: 2560px) 100vw, 2560px\" \/><span aria-hidden=\"true\" class=\"wp-block-cover__background has-background-dim-10 has-background-dim\"><\/span><div class=\"wp-block-cover__inner-container is-layout-flow wp-block-cover-is-layout-flow\">\n<p class=\"has-text-align-center has-white-color has-text-color has-large-font-size\">Ferienwohnung Bellevue<\/p>\n<\/div><\/div>\n\n\n\n<p><\/p>\n\n\n\n<div class=\"wp-block-columns are-vertically-aligned-top is-layout-flex wp-container-core-columns-is-layout-1 wp-block-columns-is-layout-flex\">\n<div class=\"wp-block-column has-background is-layout-flow wp-block-column-is-layout-flow\" style=\"background-color:#f0c6c6\">\n<p class=\"has-text-align-center has-ast-global-color-8-background-color has-background\" style=\"font-size:40px\">Die Wohnung mit der sch\u00f6nen Aussicht<\/p>\n<\/div>\n<\/div>\n\n\n\n<div class=\"wp-block-columns are-vertically-aligned-top is-layout-flex wp-container-core-columns-is-layout-2 wp-block-columns-is-layout-flex\">\n<hr class=\"wp-block-separator has-text-color has-css-opacity has-background is-style-wide\" style=\"background-color:#000000;color:#000000\"\/>\n\n\n\n<div class=\"wp-block-column has-text-color has-background has-link-color wp-elements-ab22cac7abb61595a3021662aa13af9f is-layout-flow wp-block-column-is-layout-flow\" style=\"color:#000000;background-color:#d7d6bf;padding-top:2em;padding-right:2em;padding-bottom:2em;padding-left:2em;flex-basis:50%\">\n<p><\/p>\n\n\n\n<hr class=\"wp-block-separator has-text-color has-alpha-channel-opacity has-background is-style-wide\" style=\"background-color:#000000;color:#000000\"\/>\n\n\n\n<p class=\"has-medium-font-size\">Die Wohnung Bellevue ist ganz oben im Haus gelegen. Sie hat vier Zimmer mit K\u00fcche und Bad auf ca. 80 m\u00b2. Die abgeschliffenen Holzdielen, Holzt\u00fcren und Paneele geben der Wohnung einen gem\u00fctlichen und warmen Charakter.<\/p>\n<\/div>\n\n\n\n<div class=\"wp-block-column has-text-color has-background has-link-color wp-elements-766c87eb16be719dc3cf9d918a31c24d is-layout-flow wp-block-column-is-layout-flow\" style=\"color:#000000;background-color:#cef2c2;padding-top:2em;padding-right:2em;padding-bottom:2em;padding-left:2em;flex-basis:50%\">\n<figure class=\"wp-block-image size-large\"><img loading=\"lazy\" decoding=\"async\" width=\"1024\" height=\"802\" src=\"https:\/\/xn--lychen-alte-stadtfrsterei-gsc.de\/wp-content\/uploads\/2023\/03\/P1040897-1024x802.jpg\" alt=\"\" class=\"wp-image-564\" srcset=\"https:\/\/xn--lychen-alte-stadtfrsterei-gsc.de\/wp-content\/uploads\/2023\/03\/P1040897-1024x802.jpg 1024w, https:\/\/xn--lychen-alte-stadtfrsterei-gsc.de\/wp-content\/uploads\/2023\/03\/P1040897-300x235.jpg 300w, https:\/\/xn--lychen-alte-stadtfrsterei-gsc.de\/wp-content\/uploads\/2023\/03\/P1040897-768x601.jpg 768w, https:\/\/xn--lychen-alte-stadtfrsterei-gsc.de\/wp-content\/uploads\/2023\/03\/P1040897-1536x1203.jpg 1536w, https:\/\/xn--lychen-alte-stadtfrsterei-gsc.de\/wp-content\/uploads\/2023\/03\/P1040897.jpg 1820w\" sizes=\"(max-width: 1024px) 100vw, 1024px\" \/><\/figure>\n<\/div>\n<\/div>\n\n\n\n<div class=\"wp-block-columns are-vertically-aligned-top is-layout-flex wp-container-core-columns-is-layout-3 wp-block-columns-is-layout-flex\">\n<div class=\"wp-block-column has-text-color has-background has-link-color wp-elements-3a1fd8f3734181d9d91bcfd1de75a630 is-layout-flow wp-block-column-is-layout-flow\" style=\"color:#000000;background-color:#cef2c2;padding-top:2em;padding-right:2em;padding-bottom:2em;padding-left:2em;flex-basis:50%\">\n<figure class=\"wp-block-image size-large\"><img loading=\"lazy\" decoding=\"async\" width=\"768\" height=\"1024\" src=\"https:\/\/xn--lychen-alte-stadtfrsterei-gsc.de\/wp-content\/uploads\/2023\/06\/P1070274-768x1024.jpg\" alt=\"\" class=\"wp-image-664\" srcset=\"https:\/\/xn--lychen-alte-stadtfrsterei-gsc.de\/wp-content\/uploads\/2023\/06\/P1070274-768x1024.jpg 768w, https:\/\/xn--lychen-alte-stadtfrsterei-gsc.de\/wp-content\/uploads\/2023\/06\/P1070274-225x300.jpg 225w, https:\/\/xn--lychen-alte-stadtfrsterei-gsc.de\/wp-content\/uploads\/2023\/06\/P1070274-1152x1536.jpg 1152w, https:\/\/xn--lychen-alte-stadtfrsterei-gsc.de\/wp-content\/uploads\/2023\/06\/P1070274.jpg 1500w\" sizes=\"(max-width: 768px) 100vw, 768px\" \/><\/figure>\n<\/div>\n\n\n\n<div class=\"wp-block-column has-text-color has-background has-link-color wp-elements-aa0acbf95a3476cce758efdfb83390c7 is-layout-flow wp-block-column-is-layout-flow\" style=\"color:#000000;background-color:#d7d6bf;padding-top:2em;padding-right:2em;padding-bottom:2em;padding-left:2em;flex-basis:50%\">\n<p><strong>Wohnzimmer<\/strong><\/p>\n\n\n\n<hr class=\"wp-block-separator has-text-color has-css-opacity has-background is-style-wide\" style=\"background-color:#000000;color:#000000\"\/>\n\n\n\n<p class=\"has-medium-font-size\">Das Wohnzimmer hat 20 m\u00b2 und ist mit einer gem\u00fctlichen Sitzecke und einem bequemen Schlafsofa ausgestattet. Es gibt auch einen<br>Fernseher mit Sat-TV und eine einfache Musikanlage.<\/p>\n\n\n\n<hr class=\"wp-block-separator has-text-color has-alpha-channel-opacity has-background is-style-wide\" style=\"background-color:#000000;color:#000000\"\/>\n\n\n\n<p><strong>Turmzimmer<\/strong><\/p>\n\n\n\n<hr class=\"wp-block-separator has-text-color has-alpha-channel-opacity has-background is-style-wide\" style=\"background-color:#000000;color:#000000\"\/>\n\n\n\n<p class=\"has-medium-font-size\">Das Turmzimmer hat ca. 7 m\u00b2 und bietet den wohl sch\u00f6nsten Ausblick auf Hohenlychen. Unsere G\u00e4ste nutzen es gern als<br>Esszimmer.<\/p>\n<\/div>\n<\/div>\n\n\n\n<div class=\"wp-block-columns are-vertically-aligned-top is-layout-flex wp-container-core-columns-is-layout-4 wp-block-columns-is-layout-flex\">\n<div class=\"wp-block-column has-text-color has-background has-link-color wp-elements-0f16a11dbed1b8e627d6b58e260fd303 is-layout-flow wp-block-column-is-layout-flow\" style=\"color:#000000;background-color:#d7d6bf;padding-top:2em;padding-right:2em;padding-bottom:2em;padding-left:2em;flex-basis:50%\">\n<p><strong>Gro\u00dfes Schlafzimmer<\/strong><\/p>\n\n\n\n<hr class=\"wp-block-separator has-css-opacity is-style-wide\"\/>\n\n\n\n<p class=\"has-medium-font-size\">In diesem 20 m\u00b2 gro\u00dfen Zimmer stehen ein gem\u00fctliches Doppelbett und  ein ger\u00e4umiger Kleiderschrank. Einen nicht mehr funktionst\u00fcchtigen wei\u00dfen Kachelofen haben wir zum sch\u00f6nen Kleiderst\u00e4nder umgewidmet.<\/p>\n\n\n\n<hr class=\"wp-block-separator has-css-opacity is-style-wide\"\/>\n\n\n\n<p><strong>Kleines Schlafzimmer<\/strong><\/p>\n\n\n\n<hr class=\"wp-block-separator has-css-opacity is-style-wide\"\/>\n\n\n\n<p class=\"has-medium-font-size\">In diesem ca. 5 m\u00b2 gro\u00dfen, h\u00fcbschen Zimmer befinden sich ein Bett und zwei Regale.<\/p>\n<\/div>\n\n\n\n<div class=\"wp-block-column has-text-color has-background has-link-color wp-elements-73f8294fc715e24980dd5521417c60e1 is-layout-flow wp-block-column-is-layout-flow\" style=\"color:#000000;background-color:#cef2c2;padding-top:2em;padding-right:2em;padding-bottom:2em;padding-left:2em;flex-basis:50%\">\n<figure class=\"wp-block-image size-large\"><img loading=\"lazy\" decoding=\"async\" width=\"1024\" height=\"683\" src=\"https:\/\/xn--lychen-alte-stadtfrsterei-gsc.de\/wp-content\/uploads\/2024\/01\/DSC01346-1-1024x683.jpg\" alt=\"\" class=\"wp-image-752\" srcset=\"https:\/\/xn--lychen-alte-stadtfrsterei-gsc.de\/wp-content\/uploads\/2024\/01\/DSC01346-1-1024x683.jpg 1024w, https:\/\/xn--lychen-alte-stadtfrsterei-gsc.de\/wp-content\/uploads\/2024\/01\/DSC01346-1-300x200.jpg 300w, https:\/\/xn--lychen-alte-stadtfrsterei-gsc.de\/wp-content\/uploads\/2024\/01\/DSC01346-1-768x512.jpg 768w, https:\/\/xn--lychen-alte-stadtfrsterei-gsc.de\/wp-content\/uploads\/2024\/01\/DSC01346-1-1536x1024.jpg 1536w, https:\/\/xn--lychen-alte-stadtfrsterei-gsc.de\/wp-content\/uploads\/2024\/01\/DSC01346-1.jpg 1600w\" sizes=\"(max-width: 1024px) 100vw, 1024px\" \/><\/figure>\n\n\n\n<figure class=\"wp-block-image size-large\"><img loading=\"lazy\" decoding=\"async\" width=\"683\" height=\"1024\" src=\"https:\/\/xn--lychen-alte-stadtfrsterei-gsc.de\/wp-content\/uploads\/2024\/01\/DSC01352-683x1024.jpg\" alt=\"\" class=\"wp-image-755\" srcset=\"https:\/\/xn--lychen-alte-stadtfrsterei-gsc.de\/wp-content\/uploads\/2024\/01\/DSC01352-683x1024.jpg 683w, https:\/\/xn--lychen-alte-stadtfrsterei-gsc.de\/wp-content\/uploads\/2024\/01\/DSC01352-200x300.jpg 200w, https:\/\/xn--lychen-alte-stadtfrsterei-gsc.de\/wp-content\/uploads\/2024\/01\/DSC01352-768x1152.jpg 768w, https:\/\/xn--lychen-alte-stadtfrsterei-gsc.de\/wp-content\/uploads\/2024\/01\/DSC01352-1024x1536.jpg 1024w, https:\/\/xn--lychen-alte-stadtfrsterei-gsc.de\/wp-content\/uploads\/2024\/01\/DSC01352.jpg 1200w\" sizes=\"(max-width: 683px) 100vw, 683px\" \/><\/figure>\n<\/div>\n<\/div>\n\n\n\n<div class=\"wp-block-columns are-vertically-aligned-top is-layout-flex wp-container-core-columns-is-layout-5 wp-block-columns-is-layout-flex\">\n<div class=\"wp-block-column has-text-color has-background has-link-color wp-elements-8bc8843b3f820f18a4f4dbfbde88ea8d is-layout-flow wp-block-column-is-layout-flow\" style=\"color:#000000;background-color:#cef2c2;padding-top:2em;padding-right:2em;padding-bottom:2em;padding-left:2em;flex-basis:50%\">\n<figure class=\"wp-block-image size-large\"><img loading=\"lazy\" decoding=\"async\" width=\"768\" height=\"1024\" src=\"https:\/\/xn--lychen-alte-stadtfrsterei-gsc.de\/wp-content\/uploads\/2023\/03\/P1070241-768x1024.jpg\" alt=\"\" class=\"wp-image-568\" srcset=\"https:\/\/xn--lychen-alte-stadtfrsterei-gsc.de\/wp-content\/uploads\/2023\/03\/P1070241-768x1024.jpg 768w, https:\/\/xn--lychen-alte-stadtfrsterei-gsc.de\/wp-content\/uploads\/2023\/03\/P1070241-225x300.jpg 225w, https:\/\/xn--lychen-alte-stadtfrsterei-gsc.de\/wp-content\/uploads\/2023\/03\/P1070241-1152x1536.jpg 1152w, https:\/\/xn--lychen-alte-stadtfrsterei-gsc.de\/wp-content\/uploads\/2023\/03\/P1070241-1536x2048.jpg 1536w, https:\/\/xn--lychen-alte-stadtfrsterei-gsc.de\/wp-content\/uploads\/2023\/03\/P1070241.jpg 1600w\" sizes=\"(max-width: 768px) 100vw, 768px\" \/><\/figure>\n\n\n\n<figure class=\"wp-block-image size-large\"><img loading=\"lazy\" decoding=\"async\" width=\"768\" height=\"1024\" src=\"https:\/\/xn--lychen-alte-stadtfrsterei-gsc.de\/wp-content\/uploads\/2023\/03\/P1070245-768x1024.jpg\" alt=\"\" class=\"wp-image-569\" srcset=\"https:\/\/xn--lychen-alte-stadtfrsterei-gsc.de\/wp-content\/uploads\/2023\/03\/P1070245-768x1024.jpg 768w, https:\/\/xn--lychen-alte-stadtfrsterei-gsc.de\/wp-content\/uploads\/2023\/03\/P1070245-225x300.jpg 225w, https:\/\/xn--lychen-alte-stadtfrsterei-gsc.de\/wp-content\/uploads\/2023\/03\/P1070245-1152x1536.jpg 1152w, https:\/\/xn--lychen-alte-stadtfrsterei-gsc.de\/wp-content\/uploads\/2023\/03\/P1070245-1536x2048.jpg 1536w, https:\/\/xn--lychen-alte-stadtfrsterei-gsc.de\/wp-content\/uploads\/2023\/03\/P1070245.jpg 1600w\" sizes=\"(max-width: 768px) 100vw, 768px\" \/><\/figure>\n<\/div>\n\n\n\n<div class=\"wp-block-column has-text-color has-background has-link-color wp-elements-624456ca95a37355d3652bc1ca4ba0f3 is-layout-flow wp-block-column-is-layout-flow\" style=\"color:#000000;background-color:#d7d6bf;padding-top:2em;padding-right:2em;padding-bottom:2em;padding-left:2em;flex-basis:50%\">\n<p><strong>K\u00fcche<\/strong><\/p>\n\n\n\n<hr class=\"wp-block-separator has-text-color has-css-opacity has-background is-style-wide\" style=\"background-color:#000000;color:#000000\"\/>\n\n\n\n<p class=\"has-medium-font-size\">In der 10 m\u00b2 gro\u00dfen K\u00fcche k\u00f6nnen drei Personen essen. An technischen Ger\u00e4ten gibt es K\u00fchlschrank, Dunstabzugshaube, Geschirrsp\u00fcler, Kaffeemaschine, Wasserkocher, Toaster, Kochfl\u00e4chen und Backofen.<\/p>\n\n\n\n<hr class=\"wp-block-separator has-text-color has-css-opacity has-background is-style-wide\" style=\"background-color:#000000;color:#000000\"\/>\n\n\n\n<p><strong>Bad<\/strong><\/p>\n\n\n\n<hr class=\"wp-block-separator has-text-color has-css-opacity has-background is-style-wide\" style=\"background-color:#000000;color:#000000\"\/>\n\n\n\n<p class=\"has-medium-font-size\">Im Bad kann man duschen oder baden. Badet\u00fccher, Handt\u00fccher und ein F\u00f6hn sind vorhanden.<\/p>\n\n\n\n<hr class=\"wp-block-separator has-text-color has-css-opacity has-background is-style-wide\" style=\"background-color:#000000;color:#000000\"\/>\n\n\n\n<p><strong>Bemerkungen<\/strong><\/p>\n\n\n\n<hr class=\"wp-block-separator has-text-color has-css-opacity has-background is-style-wide\" style=\"background-color:#000000;color:#000000\"\/>\n\n\n\n<p class=\"has-medium-font-size\">Im Preis enthalten sind alle Nebenkosten wie Endreinigung, Bettw\u00e4sche, Bade- und Handt\u00fccher f\u00fcrs Bad sowie Energie und Wasser.<\/p>\n\n\n\n<p class=\"has-medium-font-size\">Die Anreise in unsere Ferienwohnung kann ab 15 Uhr erfolgen. Am Abreisetag sollten Sie die Wohnung bitte bis 11 Uhr verlassen.<\/p>\n\n\n\n<p class=\"has-medium-font-size\">Leider k\u00f6nnen wir keine Tiere beherbergen. Auch das Rauchen ist nicht erw\u00fcnscht.<\/p>\n<\/div>\n<\/div>\n\n\n\n<div class=\"wp-block-columns are-vertically-aligned-top is-layout-flex wp-container-core-columns-is-layout-6 wp-block-columns-is-layout-flex\">\n<div class=\"wp-block-column has-text-color has-background has-link-color wp-elements-f665f18f47a8fe3b50e1a0fdb0db87f7 is-layout-flow wp-block-column-is-layout-flow\" style=\"color:#000000;background-color:#d7d6bf;padding-top:2em;padding-right:2em;padding-bottom:2em;padding-left:2em;flex-basis:50%\">\n<h2 class=\"wp-block-heading\" id=\"single\">Preise<\/h2>\n\n\n\n<hr class=\"wp-block-separator has-text-color has-css-opacity has-background is-style-wide\" style=\"background-color:#000000;color:#000000\"\/>\n\n\n\n<figure class=\"wp-block-image size-large\"><img loading=\"lazy\" decoding=\"async\" width=\"1024\" height=\"406\" src=\"https:\/\/xn--lychen-alte-stadtfrsterei-gsc.de\/wp-content\/uploads\/2026\/02\/wg1Preise-1024x406.jpg\" alt=\"\" class=\"wp-image-767\" srcset=\"https:\/\/xn--lychen-alte-stadtfrsterei-gsc.de\/wp-content\/uploads\/2026\/02\/wg1Preise-1024x406.jpg 1024w, https:\/\/xn--lychen-alte-stadtfrsterei-gsc.de\/wp-content\/uploads\/2026\/02\/wg1Preise-300x119.jpg 300w, https:\/\/xn--lychen-alte-stadtfrsterei-gsc.de\/wp-content\/uploads\/2026\/02\/wg1Preise-768x304.jpg 768w, https:\/\/xn--lychen-alte-stadtfrsterei-gsc.de\/wp-content\/uploads\/2026\/02\/wg1Preise-1536x609.jpg 1536w, https:\/\/xn--lychen-alte-stadtfrsterei-gsc.de\/wp-content\/uploads\/2026\/02\/wg1Preise-2048x812.jpg 2048w\" sizes=\"(max-width: 1024px) 100vw, 1024px\" \/><\/figure>\n\n\n\n<hr class=\"wp-block-separator has-text-color has-css-opacity has-background is-style-wide\" style=\"background-color:#000000;color:#000000\"\/>\n\n\n\n<p class=\"has-medium-font-size\"><\/p>\n\n\n\n<p><strong>Kurtaxe<\/strong><\/p>\n\n\n\n<p class=\"has-medium-font-size\">Wir sind von der Stadt Lychen angehalten, von unseren G\u00e4sten Kurtaxe zu erheben.<\/p>\n\n\n\n<hr class=\"wp-block-separator has-text-color has-css-opacity has-background is-style-wide\" style=\"background-color:#000000;color:#000000\"\/>\n\n\n\n<figure class=\"wp-block-image size-large\"><img loading=\"lazy\" decoding=\"async\" width=\"1024\" height=\"268\" src=\"https:\/\/xn--lychen-alte-stadtfrsterei-gsc.de\/wp-content\/uploads\/2026\/02\/KurPreise-1024x268.jpg\" alt=\"\" class=\"wp-image-766\" srcset=\"https:\/\/xn--lychen-alte-stadtfrsterei-gsc.de\/wp-content\/uploads\/2026\/02\/KurPreise-1024x268.jpg 1024w, https:\/\/xn--lychen-alte-stadtfrsterei-gsc.de\/wp-content\/uploads\/2026\/02\/KurPreise-300x79.jpg 300w, https:\/\/xn--lychen-alte-stadtfrsterei-gsc.de\/wp-content\/uploads\/2026\/02\/KurPreise-768x201.jpg 768w, https:\/\/xn--lychen-alte-stadtfrsterei-gsc.de\/wp-content\/uploads\/2026\/02\/KurPreise-1536x402.jpg 1536w, https:\/\/xn--lychen-alte-stadtfrsterei-gsc.de\/wp-content\/uploads\/2026\/02\/KurPreise-2048x537.jpg 2048w\" sizes=\"(max-width: 1024px) 100vw, 1024px\" \/><\/figure>\n<\/div>\n\n\n\n<div class=\"wp-block-column has-text-color has-background has-link-color wp-elements-55820f35c082bb419d2ab599411d741d is-layout-flow wp-block-column-is-layout-flow\" style=\"color:#000000;background-color:#cef2c2;padding-top:2em;padding-right:2em;padding-bottom:2em;padding-left:2em;flex-basis:50%\">\n<h2 class=\"wp-block-heading\" id=\"patron\"><strong>Kalender<\/strong><\/h2>\n\n\n\n<p class=\"has-normal-font-size\"><strong>Unserer Belegungsplan <\/strong><\/p>\n\n\n\n<hr class=\"wp-block-separator has-css-opacity is-style-wide\"\/>\n\n\n\n<iframe loading=\"lazy\" src=\"https:\/\/calendar.google.com\/calendar\/embed?height=300&#038;wkst=2&#038;bgcolor=%23ffffff&#038;ctz=Europe%2FBerlin&#038;showNav=1&#038;showTitle=0&#038;showPrint=0&#038;showCalendars=1&#038;showTz=0&#038;showTabs=0&#038;src=MDMxMGV2YTUydTRjb29zbGpkbDBtcjZ1dThAZ3JvdXAuY2FsZW5kYXIuZ29vZ2xlLmNvbQ&#038;color=%233F51B5\" style=\"border-width:0\" width=\"400\" height=\"300\" frameborder=\"0\" scrolling=\"no\"><\/iframe>\n<\/div>\n<\/div>\n","protected":false},"excerpt":{"rendered":"<p>Die Wohnung mit der sch\u00f6nen Aussicht Die Wohnung Bellevue ist ganz oben im Haus gelegen. Sie hat vier Zimmer mit K\u00fcche und Bad auf ca. 80 m\u00b2. Die abgeschliffenen Holzdielen, Holzt\u00fcren und Paneele geben der Wohnung einen gem\u00fctlichen und warmen Charakter. Wohnzimmer Das Wohnzimmer hat 20 m\u00b2 und ist mit einer gem\u00fctlichen Sitzecke und einem [&hellip;]<\/p>\n","protected":false},"author":1,"featured_media":0,"parent":0,"menu_order":0,"comment_status":"closed","ping_status":"closed","template":"","meta":{"site-sidebar-layout":"default","site-content-layout":"","ast-site-content-layout":"default","site-content-style":"default","site-sidebar-style":"default","ast-global-header-display":"","ast-banner-title-visibility":"","ast-main-header-display":"","ast-hfb-above-header-display":"","ast-hfb-below-header-display":"","ast-hfb-mobile-header-display":"","site-post-title":"disabled","ast-breadcrumbs-content":"","ast-featured-img":"","footer-sml-layout":"","ast-disable-related-posts":"","theme-transparent-header-meta":"","adv-header-id-meta":"","stick-header-meta":"","header-above-stick-meta":"","header-main-stick-meta":"","header-below-stick-meta":"","astra-migrate-meta-layouts":"set","ast-page-background-enabled":"default","ast-page-background-meta":{"desktop":{"background-color":"","background-image":"","background-repeat":"repeat","background-position":"center center","background-size":"auto","background-attachment":"scroll","background-type":"","background-media":"","overlay-type":"","overlay-color":"","overlay-opacity":"","overlay-gradient":""},"tablet":{"background-color":"","background-image":"","background-repeat":"repeat","background-position":"center center","background-size":"auto","background-attachment":"scroll","background-type":"","background-media":"","overlay-type":"","overlay-color":"","overlay-opacity":"","overlay-gradient":""},"mobile":{"background-color":"","background-image":"","background-repeat":"repeat","background-position":"center center","background-size":"auto","background-attachment":"scroll","background-type":"","background-media":"","overlay-type":"","overlay-color":"","overlay-opacity":"","overlay-gradient":""}},"ast-content-background-meta":{"desktop":{"background-color":"var(--ast-global-color-5)","background-image":"","background-repeat":"repeat","background-position":"center center","background-size":"auto","background-attachment":"scroll","background-type":"","background-media":"","overlay-type":"","overlay-color":"","overlay-opacity":"","overlay-gradient":""},"tablet":{"background-color":"var(--ast-global-color-5)","background-image":"","background-repeat":"repeat","background-position":"center center","background-size":"auto","background-attachment":"scroll","background-type":"","background-media":"","overlay-type":"","overlay-color":"","overlay-opacity":"","overlay-gradient":""},"mobile":{"background-color":"var(--ast-global-color-5)","background-image":"","background-repeat":"repeat","background-position":"center center","background-size":"auto","background-attachment":"scroll","background-type":"","background-media":"","overlay-type":"","overlay-color":"","overlay-opacity":"","overlay-gradient":""}},"footnotes":""},"class_list":["post-336","page","type-page","status-publish","hentry"],"yoast_head":"<!-- This site is optimized with the Yoast SEO plugin v24.5 - https:\/\/yoast.com\/wordpress\/plugins\/seo\/ -->\n<title>Wohnung1 - Ferienwohnungen Alte Stadtf\u00f6rsterei Lychen<\/title>\n<meta name=\"robots\" content=\"index, follow, max-snippet:-1, max-image-preview:large, max-video-preview:-1\" \/>\n<link rel=\"canonical\" href=\"https:\/\/xn--lychen-alte-stadtfrsterei-gsc.de\/?page_id=336\" \/>\n<meta property=\"og:locale\" content=\"de_DE\" \/>\n<meta property=\"og:type\" content=\"article\" \/>\n<meta property=\"og:title\" content=\"Wohnung1 - Ferienwohnungen Alte Stadtf\u00f6rsterei Lychen\" \/>\n<meta property=\"og:description\" content=\"Die Wohnung mit der sch\u00f6nen Aussicht Die Wohnung Bellevue ist ganz oben im Haus gelegen. Sie hat vier Zimmer mit K\u00fcche und Bad auf ca. 80 m\u00b2. Die abgeschliffenen Holzdielen, Holzt\u00fcren und Paneele geben der Wohnung einen gem\u00fctlichen und warmen Charakter. Wohnzimmer Das Wohnzimmer hat 20 m\u00b2 und ist mit einer gem\u00fctlichen Sitzecke und einem [&hellip;]\" \/>\n<meta property=\"og:url\" content=\"https:\/\/xn--lychen-alte-stadtfrsterei-gsc.de\/?page_id=336\" \/>\n<meta property=\"og:site_name\" content=\"Ferienwohnungen Alte Stadtf\u00f6rsterei Lychen\" \/>\n<meta property=\"article:modified_time\" content=\"2026-02-15T16:30:03+00:00\" \/>\n<meta property=\"og:image\" content=\"https:\/\/xn--lychen-alte-stadtfrsterei-gsc.de\/wp-content\/uploads\/2023\/05\/kopf_bellevue-scaled.jpg\" \/>\n\t<meta property=\"og:image:width\" content=\"2560\" \/>\n\t<meta property=\"og:image:height\" content=\"589\" \/>\n\t<meta property=\"og:image:type\" content=\"image\/jpeg\" \/>\n<meta name=\"twitter:card\" content=\"summary_large_image\" \/>\n<meta name=\"twitter:label1\" content=\"Gesch\u00e4tzte Lesezeit\" \/>\n\t<meta name=\"twitter:data1\" content=\"4 Minuten\" \/>\n<script type=\"application\/ld+json\" class=\"yoast-schema-graph\">{\"@context\":\"https:\/\/schema.org\",\"@graph\":[{\"@type\":\"WebPage\",\"@id\":\"https:\/\/xn--lychen-alte-stadtfrsterei-gsc.de\/?page_id=336\",\"url\":\"https:\/\/xn--lychen-alte-stadtfrsterei-gsc.de\/?page_id=336\",\"name\":\"Wohnung1 - Ferienwohnungen Alte Stadtf\u00f6rsterei Lychen\",\"isPartOf\":{\"@id\":\"https:\/\/xn--lychen-alte-stadtfrsterei-gsc.de\/#website\"},\"primaryImageOfPage\":{\"@id\":\"https:\/\/xn--lychen-alte-stadtfrsterei-gsc.de\/?page_id=336#primaryimage\"},\"image\":{\"@id\":\"https:\/\/xn--lychen-alte-stadtfrsterei-gsc.de\/?page_id=336#primaryimage\"},\"thumbnailUrl\":\"https:\/\/xn--lychen-alte-stadtfrsterei-gsc.de\/wp-content\/uploads\/2023\/05\/kopf_bellevue-scaled.jpg\",\"datePublished\":\"2023-03-25T08:46:56+00:00\",\"dateModified\":\"2026-02-15T16:30:03+00:00\",\"breadcrumb\":{\"@id\":\"https:\/\/xn--lychen-alte-stadtfrsterei-gsc.de\/?page_id=336#breadcrumb\"},\"inLanguage\":\"de-DE\",\"potentialAction\":[{\"@type\":\"ReadAction\",\"target\":[\"https:\/\/xn--lychen-alte-stadtfrsterei-gsc.de\/?page_id=336\"]}]},{\"@type\":\"ImageObject\",\"inLanguage\":\"de-DE\",\"@id\":\"https:\/\/xn--lychen-alte-stadtfrsterei-gsc.de\/?page_id=336#primaryimage\",\"url\":\"https:\/\/xn--lychen-alte-stadtfrsterei-gsc.de\/wp-content\/uploads\/2023\/05\/kopf_bellevue-scaled.jpg\",\"contentUrl\":\"https:\/\/xn--lychen-alte-stadtfrsterei-gsc.de\/wp-content\/uploads\/2023\/05\/kopf_bellevue-scaled.jpg\",\"width\":2560,\"height\":589},{\"@type\":\"BreadcrumbList\",\"@id\":\"https:\/\/xn--lychen-alte-stadtfrsterei-gsc.de\/?page_id=336#breadcrumb\",\"itemListElement\":[{\"@type\":\"ListItem\",\"position\":1,\"name\":\"Startseite\",\"item\":\"https:\/\/xn--lychen-alte-stadtfrsterei-gsc.de\/\"},{\"@type\":\"ListItem\",\"position\":2,\"name\":\"Wohnung1\"}]},{\"@type\":\"WebSite\",\"@id\":\"https:\/\/xn--lychen-alte-stadtfrsterei-gsc.de\/#website\",\"url\":\"https:\/\/xn--lychen-alte-stadtfrsterei-gsc.de\/\",\"name\":\"Ferienwohnungen Alte Stadtf\u00f6rsterei Lychen\",\"description\":\"\",\"publisher\":{\"@id\":\"https:\/\/xn--lychen-alte-stadtfrsterei-gsc.de\/#organization\"},\"potentialAction\":[{\"@type\":\"SearchAction\",\"target\":{\"@type\":\"EntryPoint\",\"urlTemplate\":\"https:\/\/xn--lychen-alte-stadtfrsterei-gsc.de\/?s={search_term_string}\"},\"query-input\":{\"@type\":\"PropertyValueSpecification\",\"valueRequired\":true,\"valueName\":\"search_term_string\"}}],\"inLanguage\":\"de-DE\"},{\"@type\":\"Organization\",\"@id\":\"https:\/\/xn--lychen-alte-stadtfrsterei-gsc.de\/#organization\",\"name\":\"Ferienwohnungen Alte Stadtf\u00f6rsterei Lychen\",\"url\":\"https:\/\/xn--lychen-alte-stadtfrsterei-gsc.de\/\",\"logo\":{\"@type\":\"ImageObject\",\"inLanguage\":\"de-DE\",\"@id\":\"https:\/\/xn--lychen-alte-stadtfrsterei-gsc.de\/#\/schema\/logo\/image\/\",\"url\":\"https:\/\/xn--lychen-alte-stadtfrsterei-gsc.de\/wp-content\/uploads\/2023\/05\/DSC00869.jpg\",\"contentUrl\":\"https:\/\/xn--lychen-alte-stadtfrsterei-gsc.de\/wp-content\/uploads\/2023\/05\/DSC00869.jpg\",\"width\":1000,\"height\":485,\"caption\":\"Ferienwohnungen Alte Stadtf\u00f6rsterei Lychen\"},\"image\":{\"@id\":\"https:\/\/xn--lychen-alte-stadtfrsterei-gsc.de\/#\/schema\/logo\/image\/\"}}]}<\/script>\n<!-- \/ Yoast SEO plugin. -->","yoast_head_json":{"title":"Wohnung1 - Ferienwohnungen Alte Stadtf\u00f6rsterei Lychen","robots":{"index":"index","follow":"follow","max-snippet":"max-snippet:-1","max-image-preview":"max-image-preview:large","max-video-preview":"max-video-preview:-1"},"canonical":"https:\/\/xn--lychen-alte-stadtfrsterei-gsc.de\/?page_id=336","og_locale":"de_DE","og_type":"article","og_title":"Wohnung1 - Ferienwohnungen Alte Stadtf\u00f6rsterei Lychen","og_description":"Die Wohnung mit der sch\u00f6nen Aussicht Die Wohnung Bellevue ist ganz oben im Haus gelegen. Sie hat vier Zimmer mit K\u00fcche und Bad auf ca. 80 m\u00b2. Die abgeschliffenen Holzdielen, Holzt\u00fcren und Paneele geben der Wohnung einen gem\u00fctlichen und warmen Charakter. Wohnzimmer Das Wohnzimmer hat 20 m\u00b2 und ist mit einer gem\u00fctlichen Sitzecke und einem [&hellip;]","og_url":"https:\/\/xn--lychen-alte-stadtfrsterei-gsc.de\/?page_id=336","og_site_name":"Ferienwohnungen Alte Stadtf\u00f6rsterei Lychen","article_modified_time":"2026-02-15T16:30:03+00:00","og_image":[{"width":2560,"height":589,"url":"https:\/\/xn--lychen-alte-stadtfrsterei-gsc.de\/wp-content\/uploads\/2023\/05\/kopf_bellevue-scaled.jpg","type":"image\/jpeg"}],"twitter_card":"summary_large_image","twitter_misc":{"Gesch\u00e4tzte Lesezeit":"4 Minuten"},"schema":{"@context":"https:\/\/schema.org","@graph":[{"@type":"WebPage","@id":"https:\/\/xn--lychen-alte-stadtfrsterei-gsc.de\/?page_id=336","url":"https:\/\/xn--lychen-alte-stadtfrsterei-gsc.de\/?page_id=336","name":"Wohnung1 - Ferienwohnungen Alte Stadtf\u00f6rsterei Lychen","isPartOf":{"@id":"https:\/\/xn--lychen-alte-stadtfrsterei-gsc.de\/#website"},"primaryImageOfPage":{"@id":"https:\/\/xn--lychen-alte-stadtfrsterei-gsc.de\/?page_id=336#primaryimage"},"image":{"@id":"https:\/\/xn--lychen-alte-stadtfrsterei-gsc.de\/?page_id=336#primaryimage"},"thumbnailUrl":"https:\/\/xn--lychen-alte-stadtfrsterei-gsc.de\/wp-content\/uploads\/2023\/05\/kopf_bellevue-scaled.jpg","datePublished":"2023-03-25T08:46:56+00:00","dateModified":"2026-02-15T16:30:03+00:00","breadcrumb":{"@id":"https:\/\/xn--lychen-alte-stadtfrsterei-gsc.de\/?page_id=336#breadcrumb"},"inLanguage":"de-DE","potentialAction":[{"@type":"ReadAction","target":["https:\/\/xn--lychen-alte-stadtfrsterei-gsc.de\/?page_id=336"]}]},{"@type":"ImageObject","inLanguage":"de-DE","@id":"https:\/\/xn--lychen-alte-stadtfrsterei-gsc.de\/?page_id=336#primaryimage","url":"https:\/\/xn--lychen-alte-stadtfrsterei-gsc.de\/wp-content\/uploads\/2023\/05\/kopf_bellevue-scaled.jpg","contentUrl":"https:\/\/xn--lychen-alte-stadtfrsterei-gsc.de\/wp-content\/uploads\/2023\/05\/kopf_bellevue-scaled.jpg","width":2560,"height":589},{"@type":"BreadcrumbList","@id":"https:\/\/xn--lychen-alte-stadtfrsterei-gsc.de\/?page_id=336#breadcrumb","itemListElement":[{"@type":"ListItem","position":1,"name":"Startseite","item":"https:\/\/xn--lychen-alte-stadtfrsterei-gsc.de\/"},{"@type":"ListItem","position":2,"name":"Wohnung1"}]},{"@type":"WebSite","@id":"https:\/\/xn--lychen-alte-stadtfrsterei-gsc.de\/#website","url":"https:\/\/xn--lychen-alte-stadtfrsterei-gsc.de\/","name":"Ferienwohnungen Alte Stadtf\u00f6rsterei Lychen","description":"","publisher":{"@id":"https:\/\/xn--lychen-alte-stadtfrsterei-gsc.de\/#organization"},"potentialAction":[{"@type":"SearchAction","target":{"@type":"EntryPoint","urlTemplate":"https:\/\/xn--lychen-alte-stadtfrsterei-gsc.de\/?s={search_term_string}"},"query-input":{"@type":"PropertyValueSpecification","valueRequired":true,"valueName":"search_term_string"}}],"inLanguage":"de-DE"},{"@type":"Organization","@id":"https:\/\/xn--lychen-alte-stadtfrsterei-gsc.de\/#organization","name":"Ferienwohnungen Alte Stadtf\u00f6rsterei Lychen","url":"https:\/\/xn--lychen-alte-stadtfrsterei-gsc.de\/","logo":{"@type":"ImageObject","inLanguage":"de-DE","@id":"https:\/\/xn--lychen-alte-stadtfrsterei-gsc.de\/#\/schema\/logo\/image\/","url":"https:\/\/xn--lychen-alte-stadtfrsterei-gsc.de\/wp-content\/uploads\/2023\/05\/DSC00869.jpg","contentUrl":"https:\/\/xn--lychen-alte-stadtfrsterei-gsc.de\/wp-content\/uploads\/2023\/05\/DSC00869.jpg","width":1000,"height":485,"caption":"Ferienwohnungen Alte Stadtf\u00f6rsterei Lychen"},"image":{"@id":"https:\/\/xn--lychen-alte-stadtfrsterei-gsc.de\/#\/schema\/logo\/image\/"}}]}},"_links":{"self":[{"href":"https:\/\/xn--lychen-alte-stadtfrsterei-gsc.de\/index.php?rest_route=\/wp\/v2\/pages\/336","targetHints":{"allow":["GET"]}}],"collection":[{"href":"https:\/\/xn--lychen-alte-stadtfrsterei-gsc.de\/index.php?rest_route=\/wp\/v2\/pages"}],"about":[{"href":"https:\/\/xn--lychen-alte-stadtfrsterei-gsc.de\/index.php?rest_route=\/wp\/v2\/types\/page"}],"author":[{"embeddable":true,"href":"https:\/\/xn--lychen-alte-stadtfrsterei-gsc.de\/index.php?rest_route=\/wp\/v2\/users\/1"}],"replies":[{"embeddable":true,"href":"https:\/\/xn--lychen-alte-stadtfrsterei-gsc.de\/index.php?rest_route=%2Fwp%2Fv2%2Fcomments&post=336"}],"version-history":[{"count":27,"href":"https:\/\/xn--lychen-alte-stadtfrsterei-gsc.de\/index.php?rest_route=\/wp\/v2\/pages\/336\/revisions"}],"predecessor-version":[{"id":770,"href":"https:\/\/xn--lychen-alte-stadtfrsterei-gsc.de\/index.php?rest_route=\/wp\/v2\/pages\/336\/revisions\/770"}],"wp:attachment":[{"href":"https:\/\/xn--lychen-alte-stadtfrsterei-gsc.de\/index.php?rest_route=%2Fwp%2Fv2%2Fmedia&parent=336"}],"curies":[{"name":"wp","href":"https:\/\/api.w.org\/{rel}","templated":true}]}}